{"id":110,"date":"2020-10-12T09:56:32","date_gmt":"2020-10-12T07:56:32","guid":{"rendered":"https:\/\/www2.zeitlos-vertrieb.de\/?page_id=110"},"modified":"2020-10-23T10:13:33","modified_gmt":"2020-10-23T08:13:33","slug":"datenschutz","status":"publish","type":"page","link":"https:\/\/www.zeitlos-vertrieb.de\/hu\/adatvedelem\/","title":{"rendered":"Adatv\u00e9delem"},"content":{"rendered":"\r\n<h2 class=\"wp-block-heading\">1. Az adatv\u00e9delem \u00e1ttekint\u00e9se<\/h2>\r\n\r\n\r\n\r\n<h3 class=\"wp-block-heading\">\u00c1ltal\u00e1nos megjegyz\u00e9sek<\/h3>\r\n\r\n\r\n\r\n<p>Az al\u00e1bbi inform\u00e1ci\u00f3k egyszer\u0171 \u00e1ttekint\u00e9st ny\u00fajtanak arr\u00f3l, hogy mi t\u00f6rt\u00e9nik az \u00d6n szem\u00e9lyes adataival, amikor megl\u00e1togatja weboldalunkat. Szem\u00e9lyes adatnak min\u0151s\u00fcl minden olyan adat, amely alapj\u00e1n \u00d6n szem\u00e9lyesen azonos\u00edthat\u00f3. Az adatv\u00e9delemmel kapcsolatos r\u00e9szletes inform\u00e1ci\u00f3k\u00e9rt k\u00e9rj\u00fck, olvassa el a jelen sz\u00f6veg alatt tal\u00e1lhat\u00f3 adatv\u00e9delmi szab\u00e1lyzatunkat.<\/p>\r\n\r\n\r\n\r\n<h3 class=\"wp-block-heading\">Adatgy\u0171jt\u00e9s a weboldalunkon<\/h3>\r\n\r\n\r\n\r\n<p><strong>Ki a felel\u0151s az adatgy\u0171jt\u00e9s\u00e9rt ezen a weboldalon?<\/strong><br>Az adatfeldolgoz\u00e1st ezen a weboldalon a weboldal \u00fczemeltet\u0151je v\u00e9gzi. El\u00e9rhet\u0151s\u00e9gei a weboldal impresszum\u00e1ban tal\u00e1lhat\u00f3k.<\/p>\r\n\r\n\r\n\r\n<p><strong>Hogyan gy\u0171jtj\u00fck az \u00d6n adatait?<\/strong><br>Egyr\u00e9szt az \u00d6n adatait akkor gy\u0171jtj\u00fck, amikor \u00d6n megadja azokat nek\u00fcnk. Ezek lehetnek p\u00e9ld\u00e1ul olyan adatok, amelyeket egy kapcsolatfelv\u00e9teli \u0171rlapon ad meg.<\/p>\r\n\r\n\r\n\r\n<p>Egy\u00e9b adatokat automatikusan gy\u0171jtenek informatikai rendszereink, amikor \u00d6n megl\u00e1togatja a weboldalt. Ezek f\u0151k\u00e9nt technikai adatok (pl. internetb\u00f6ng\u00e9sz\u0151, oper\u00e1ci\u00f3s rendszer vagy az oldal megtekint\u00e9s\u00e9nek ideje). Ezeket az adatokat automatikusan gy\u0171jtj\u00fck, amint \u00d6n bel\u00e9p a weboldalunkra.<\/p>\r\n\r\n\r\n\r\n<p><strong>Mire haszn\u00e1ljuk az \u00d6n adatait?<\/strong><br>Az adatok egy r\u00e9sz\u00e9t a weboldal hibamentes m\u0171k\u00f6d\u00e9s\u00e9nek biztos\u00edt\u00e1sa \u00e9rdek\u00e9ben gy\u0171jtj\u00fck. M\u00e1s adatok az \u00d6n felhaszn\u00e1l\u00f3i magatart\u00e1s\u00e1nak elemz\u00e9s\u00e9re haszn\u00e1lhat\u00f3k.<\/p>\r\n\r\n\r\n\r\n<p><strong>Milyen jogai vannak az adataival kapcsolatban?<\/strong><br>\u00d6nnek joga van ahhoz, hogy b\u00e1rmikor ingyenesen t\u00e1j\u00e9koztat\u00e1st kapjon a t\u00e1rolt szem\u00e9lyes adatainak eredet\u00e9r\u0151l, c\u00edmzettj\u00e9r\u0151l \u00e9s c\u00e9lj\u00e1r\u00f3l. Jog\u00e1ban \u00e1ll tov\u00e1bb\u00e1 k\u00e9rni ezen adatok helyesb\u00edt\u00e9s\u00e9t, z\u00e1rol\u00e1s\u00e1t vagy t\u00f6rl\u00e9s\u00e9t. E c\u00e9lb\u00f3l \u00e9s az adatv\u00e9delemmel kapcsolatos tov\u00e1bbi k\u00e9rd\u00e9seivel b\u00e1rmikor kapcsolatba l\u00e9phet vel\u00fcnk az impresszumban megadott c\u00edmen. Tov\u00e1bb\u00e1 joga van panaszt tenni az illet\u00e9kes fel\u00fcgyeleti hat\u00f3s\u00e1gn\u00e1l.<\/p>\r\n\r\n\r\n\r\n<h3 class=\"wp-block-heading\">Harmadik f\u00e9lt\u0151l sz\u00e1rmaz\u00f3 elemz\u0151eszk\u00f6z\u00f6k \u00e9s eszk\u00f6z\u00f6k<\/h3>\r\n\r\n\r\n\r\n<p>Amikor megl\u00e1togatja weboldalunkat, az \u00d6n b\u00f6ng\u00e9sz\u00e9si szok\u00e1sai statisztikailag ki\u00e9rt\u00e9kelhet\u0151k. Ez els\u0151sorban s\u00fctik \u00e9s \u00fagynevezett elemz\u0151programok seg\u00edts\u00e9g\u00e9vel t\u00f6rt\u00e9nik. Az \u00d6n b\u00f6ng\u00e9sz\u00e9si magatart\u00e1s\u00e1nak elemz\u00e9se \u00e1ltal\u00e1ban anonim; a b\u00f6ng\u00e9sz\u00e9si magatart\u00e1s nem vezethet\u0151 vissza \u00d6nh\u00f6z. \u00d6n tiltakozhat az elemz\u00e9s ellen, vagy megakad\u00e1lyozhatja azt az\u00e1ltal, hogy bizonyos eszk\u00f6z\u00f6ket nem haszn\u00e1l. Err\u0151l r\u00e9szletes t\u00e1j\u00e9koztat\u00e1st az al\u00e1bbi adatv\u00e9delmi nyilatkozatban tal\u00e1l. \u00d6n tiltakozhat az elemz\u00e9s ellen. A tiltakoz\u00e1si lehet\u0151s\u00e9gekr\u0151l ebben az adatv\u00e9delmi nyilatkozatban t\u00e1j\u00e9koztatjuk \u00d6nt.<\/p>\r\n\r\n\r\n\r\n<h2 class=\"wp-block-heading\">2. \u00c1ltal\u00e1nos megjegyz\u00e9sek \u00e9s k\u00f6telez\u0151 inform\u00e1ci\u00f3k<\/h2>\r\n\r\n\r\n\r\n<h3 class=\"wp-block-heading\">Adatv\u00e9delem<\/h3>\r\n\r\n\r\n\r\n<p>Ezen oldalak \u00fczemeltet\u0151i nagyon komolyan veszik az \u00d6n szem\u00e9lyes adatainak v\u00e9delm\u00e9t. Szem\u00e9lyes adatait bizalmasan, a t\u00f6rv\u00e9nyes adatv\u00e9delmi el\u0151\u00edr\u00e1soknak \u00e9s a jelen adatv\u00e9delmi nyilatkozatnak megfelel\u0151en kezelj\u00fck.<\/p>\r\n\r\n\r\n\r\n<p>A weboldal haszn\u00e1lata sor\u00e1n k\u00fcl\u00f6nb\u00f6z\u0151 szem\u00e9lyes adatokat gy\u0171jt\u00fcnk. A szem\u00e9lyes adatok olyan adatok, amelyek alapj\u00e1n \u00d6n szem\u00e9lyesen azonos\u00edthat\u00f3. Ez az adatv\u00e9delmi szab\u00e1lyzat elmagyar\u00e1zza, hogy milyen adatokat gy\u0171jt\u00fcnk \u00e9s mire haszn\u00e1ljuk fel azokat. Azt is elmagyar\u00e1zza, hogyan \u00e9s milyen c\u00e9lb\u00f3l t\u00f6rt\u00e9nik mindez.<\/p>\r\n\r\n\r\n\r\n<p>Szeretn\u00e9nk felh\u00edvni a figyelmet arra, hogy az internetes adat\u00e1tvitel (pl. az e-mailben t\u00f6rt\u00e9n\u0151 kommunik\u00e1ci\u00f3) biztons\u00e1gi r\u00e9seket tartalmazhat. Az adatok teljes k\u00f6r\u0171 v\u00e9delme harmadik szem\u00e9lyek hozz\u00e1f\u00e9r\u00e9se ellen nem lehets\u00e9ges.<\/p>\r\n\r\n\r\n\r\n<h3 class=\"wp-block-heading\">A felel\u0151s szervre vonatkoz\u00f3 megjegyz\u00e9s<\/h3>\r\n\r\n\r\n\r\n<p>A weboldal adatkezel\u0151je:<\/p>\r\n\r\n\r\n\r\n<p>zeitlos design + vertriebs GmbH<br>Nachtwaid 6<br>79206 Breisach<\/p>\r\n\r\n\r\n\r\n<p>Telefon: 01805-003601<br>E-Mail: info@zeitlos-vertrieb.de<\/p>\r\n\r\n\r\n\r\n<p>Az adatkezel\u0151 az a term\u00e9szetes vagy jogi szem\u00e9ly, aki egyed\u00fcl vagy m\u00e1sokkal egy\u00fctt meghat\u00e1rozza a szem\u00e9lyes adatok (pl. nevek, e-mail c\u00edmek stb.) feldolgoz\u00e1s\u00e1nak c\u00e9ljait \u00e9s eszk\u00f6zeit.<\/p>\r\n\r\n\r\n\r\n<h3 class=\"wp-block-heading\">Az adatkezel\u00e9shez adott hozz\u00e1j\u00e1rul\u00e1s\u00e1nak visszavon\u00e1sa<\/h3>\r\n\r\n\r\n\r\n<p>Sz\u00e1mos adatfeldolgoz\u00e1si m\u0171velet csak az \u00d6n kifejezett hozz\u00e1j\u00e1rul\u00e1s\u00e1val lehets\u00e9ges. A m\u00e1r megadott hozz\u00e1j\u00e1rul\u00e1s\u00e1t b\u00e1rmikor visszavonhatja. Ehhez elegend\u0151 egy inform\u00e1lis, e-mailben k\u00fcld\u00f6tt k\u00f6zlem\u00e9nyt k\u00fcldenie nek\u00fcnk. A visszavon\u00e1sig v\u00e9gzett adatfeldolgoz\u00e1s jogszer\u0171s\u00e9g\u00e9t a visszavon\u00e1s nem \u00e9rinti.<\/p>\r\n\r\n\r\n\r\n<h3 class=\"wp-block-heading\">Az illet\u00e9kes fel\u00fcgyeleti hat\u00f3s\u00e1gn\u00e1l t\u00f6rt\u00e9n\u0151 fellebbez\u00e9s joga<\/h3>\r\n\r\n\r\n\r\n<p>Az adatv\u00e9delmi jogszab\u00e1lyok megs\u00e9rt\u00e9se eset\u00e9n az \u00e9rintett szem\u00e9lynek joga van panaszt tenni az illet\u00e9kes fel\u00fcgyeleti hat\u00f3s\u00e1gn\u00e1l. Az adatv\u00e9delmi k\u00e9rd\u00e9sekben illet\u00e9kes fel\u00fcgyeleti hat\u00f3s\u00e1g a v\u00e1llalatunk sz\u00e9khelye szerinti sz\u00f6vets\u00e9gi \u00e1llam adatv\u00e9delmi biztosa. Az adatv\u00e9delmi tisztvisel\u0151k list\u00e1ja \u00e9s el\u00e9rhet\u0151s\u00e9ge az al\u00e1bbi linken tal\u00e1lhat\u00f3:&nbsp;<a href=\"https:\/\/www.bfdi.bund.de\/DE\/Infothek\/Anschriften_Links\/anschriften_links-node.html\" target=\"_blank\" rel=\"noreferrer noopener\">https:\/\/www.bfdi.bund.de\/DE\/Infothek\/Anschriften_Links\/anschriften_links-node.html<\/a>.<\/p>\r\n\r\n\r\n\r\n<h3 class=\"wp-block-heading\">Az adathordozhat\u00f3s\u00e1ghoz val\u00f3 jog<\/h3>\r\n\r\n\r\n\r\n<p>\u00d6nnek joga van ahhoz, hogy az \u00d6n hozz\u00e1j\u00e1rul\u00e1sa alapj\u00e1n vagy szerz\u0151d\u00e9s teljes\u00edt\u00e9se sor\u00e1n automatikusan feldolgozott adatokat k\u00f6z\u00f6s, g\u00e9ppel olvashat\u00f3 form\u00e1tumban \u00e1tadjuk \u00d6nnek vagy egy harmadik f\u00e9lnek. Ha \u00d6n k\u00e9ri az adatok k\u00f6zvetlen tov\u00e1bb\u00edt\u00e1s\u00e1t egy m\u00e1sik adatkezel\u0151nek, erre csak annyiban ker\u00fcl sor, amennyiben ez technikailag megval\u00f3s\u00edthat\u00f3.<\/p>\r\n\r\n\r\n\r\n<h3 class=\"wp-block-heading\">SSL vagy TLS titkos\u00edt\u00e1s<\/h3>\r\n\r\n\r\n\r\n<p>Biztons\u00e1gi okokb\u00f3l \u00e9s a bizalmas tartalmak, p\u00e9ld\u00e1ul az \u00d6n \u00e1ltal nek\u00fcnk, mint a webhely \u00fczemeltet\u0151j\u00e9nek k\u00fcld\u00f6tt megrendel\u00e9sek vagy megkeres\u00e9sek tov\u00e1bb\u00edt\u00e1s\u00e1nak v\u00e9delme \u00e9rdek\u00e9ben ez a webhely SSL vagy TLS titkos\u00edt\u00e1st haszn\u00e1l. A titkos\u00edtott kapcsolatot onnan ismerheti fel, hogy a b\u00f6ng\u00e9sz\u0151 c\u00edmsor\u00e1ban a &#8222;http:\/\/&#8221; helyett &#8222;https:\/\/&#8221; szerepel, valamint a b\u00f6ng\u00e9sz\u0151 sor\u00e1ban megjelen\u0151 lakat szimb\u00f3lumr\u00f3l.<\/p>\r\n\r\n\r\n\r\n<p>Ha az SSL- vagy TLS-titkos\u00edt\u00e1s aktiv\u00e1lva van, az \u00d6n \u00e1ltal nek\u00fcnk tov\u00e1bb\u00edtott adatokat harmadik f\u00e9l nem tudja elolvasni.<\/p>\r\n\r\n\r\n\r\n<h3 class=\"wp-block-heading\">Titkos\u00edtott fizet\u00e9si tranzakci\u00f3k ezen a weboldalon<\/h3>\r\n\r\n\r\n\r\n<p>Ha a k\u00f6lts\u00e9gekkel kapcsolatos szerz\u0151d\u00e9s megk\u00f6t\u00e9s\u00e9t k\u00f6vet\u0151en k\u00f6telesek vagyunk megadni az \u00d6n fizet\u00e9si adatait (pl. sz\u00e1mlasz\u00e1mot beszed\u00e9si megb\u00edz\u00e1s eset\u00e9n), akkor ezekre az adatokra a fizet\u00e9sek feldolgoz\u00e1s\u00e1hoz van sz\u00fcks\u00e9g.<\/p>\r\n\r\n\r\n\r\n<p>Az \u00e1ltal\u00e1nos fizet\u00e9si m\u00f3dokon (Visa\/MasterCard, beszed\u00e9si megb\u00edz\u00e1s) kereszt\u00fcl t\u00f6rt\u00e9n\u0151 fizet\u00e9si tranzakci\u00f3k kiz\u00e1r\u00f3lag titkos\u00edtott SSL- vagy TLS-kapcsolaton kereszt\u00fcl t\u00f6rt\u00e9nnek. A titkos\u00edtott kapcsolatot arr\u00f3l ismerheti fel, hogy a b\u00f6ng\u00e9sz\u0151 c\u00edmsor\u00e1ban a &#8222;http:\/\/&#8221; helyett &#8222;https:\/\/&#8221; szerepel, valamint a b\u00f6ng\u00e9sz\u0151 sor\u00e1ban megjelen\u0151 lakat szimb\u00f3lumr\u00f3l.<\/p>\r\n\r\n\r\n\r\n<p>A titkos\u00edtott kommunik\u00e1ci\u00f3val az \u00d6n \u00e1ltal nek\u00fcnk tov\u00e1bb\u00edtott fizet\u00e9si adatokat harmadik f\u00e9l nem tudja elolvasni.<\/p>\r\n\r\n\r\n\r\n<h3 class=\"wp-block-heading\">T\u00e1j\u00e9koztat\u00e1s, z\u00e1rol\u00e1s, t\u00f6rl\u00e9s<\/h3>\r\n\r\n\r\n\r\n<p>Az alkalmazand\u00f3 jogi rendelkez\u00e9sek keretein bel\u00fcl \u00d6n b\u00e1rmikor jogosult a t\u00e1rolt szem\u00e9lyes adataira, azok eredet\u00e9re \u00e9s c\u00edmzettj\u00e9re, valamint az adatfeldolgoz\u00e1s c\u00e9lj\u00e1ra vonatkoz\u00f3 ingyenes t\u00e1j\u00e9koztat\u00e1sra, valamint adott esetben az adatok helyesb\u00edt\u00e9s\u00e9re, z\u00e1rol\u00e1s\u00e1ra vagy t\u00f6rl\u00e9s\u00e9re. E c\u00e9lb\u00f3l, valamint a szem\u00e9lyes adatokkal kapcsolatos tov\u00e1bbi k\u00e9rd\u00e9seivel b\u00e1rmikor kapcsolatba l\u00e9phet vel\u00fcnk az impresszumban megadott c\u00edmen.<\/p>\r\n\r\n\r\n\r\n<h3 class=\"wp-block-heading\">Tiltakoz\u00e1s a rekl\u00e1m e-mailek ellen<\/h3>\r\n\r\n\r\n\r\n<p>Az impresszumad\u00e1si k\u00f6telezetts\u00e9g keret\u00e9ben k\u00f6zz\u00e9tett el\u00e9rhet\u0151s\u00e9gi adatok felhaszn\u00e1l\u00e1sa kifejezetten nem k\u00e9rt rekl\u00e1m- \u00e9s t\u00e1j\u00e9koztat\u00f3 anyagok k\u00fcld\u00e9s\u00e9re tilos. Az oldalak \u00fczemeltet\u0151i kifejezetten fenntartj\u00e1k maguknak a jogot, hogy jogi l\u00e9p\u00e9seket tegyenek rekl\u00e1minform\u00e1ci\u00f3k k\u00e9retlen k\u00fcld\u00e9se, p\u00e9ld\u00e1ul spam e-mailek k\u00fcld\u00e9se eset\u00e9n.<\/p>\r\n\r\n\r\n\r\n<h2 class=\"wp-block-heading\">3. Adatgy\u0171jt\u00e9s a weboldalunkon<\/h2>\r\n\r\n\r\n\r\n<h3 class=\"wp-block-heading\">Cookies<\/h3>\r\n\r\n\r\n\r\n<p>Egyes internetes oldalak \u00fagynevezett s\u00fctiket haszn\u00e1lnak. A s\u00fctik nem okoznak k\u00e1rt az \u00d6n sz\u00e1m\u00edt\u00f3g\u00e9p\u00e9ben, \u00e9s nem tartalmaznak v\u00edrusokat. A s\u00fctik arra szolg\u00e1lnak, hogy aj\u00e1nlatunkat felhaszn\u00e1l\u00f3bar\u00e1tabb\u00e1, hat\u00e9konyabb\u00e1 \u00e9s biztons\u00e1gosabb\u00e1 tegy\u00e9k. A s\u00fctik olyan kis sz\u00f6veges f\u00e1jlok, amelyeket az \u00d6n sz\u00e1m\u00edt\u00f3g\u00e9p\u00e9n t\u00e1rolnak, \u00e9s amelyeket az \u00d6n b\u00f6ng\u00e9sz\u0151je ment el.<\/p>\r\n\r\n\r\n\r\n<p>Az \u00e1ltalunk haszn\u00e1lt s\u00fctik t\u00f6bbs\u00e9ge \u00fagynevezett &#8222;munkamenet-s\u00fctik&#8221;. Ezek a l\u00e1togat\u00e1s v\u00e9g\u00e9n automatikusan t\u00f6rl\u0151dnek. M\u00e1s s\u00fctik az \u00d6n v\u00e9gberendez\u00e9s\u00e9n maradnak, am\u00edg \u00d6n nem t\u00f6rli \u0151ket. Ezek a s\u00fctik lehet\u0151v\u00e9 teszik sz\u00e1munkra, hogy a k\u00f6vetkez\u0151 l\u00e1togat\u00e1skor felismerj\u00fck az \u00d6n b\u00f6ng\u00e9sz\u0151j\u00e9t.<\/p>\r\n\r\n\r\n\r\n<p>Be\u00e1ll\u00edthatja b\u00f6ng\u00e9sz\u0151j\u00e9t \u00fagy, hogy t\u00e1j\u00e9koztass\u00e1k a s\u00fctik be\u00e1ll\u00edt\u00e1s\u00e1r\u00f3l, \u00e9s csak egyedi esetekben enged\u00e9lyezze a s\u00fctiket, kiz\u00e1rhatja a s\u00fctik elfogad\u00e1s\u00e1t bizonyos esetekben vagy \u00e1ltal\u00e1ban, \u00e9s aktiv\u00e1lhatja a s\u00fctik automatikus t\u00f6rl\u00e9s\u00e9t a b\u00f6ng\u00e9sz\u0151 bez\u00e1r\u00e1sakor. A s\u00fctik kikapcsol\u00e1sa eset\u00e9n a weboldal m\u0171k\u00f6d\u00e9se korl\u00e1tozott lehet.<\/p>\r\n\r\n\r\n\r\n<p>Az elektronikus kommunik\u00e1ci\u00f3s folyamat lebonyol\u00edt\u00e1s\u00e1hoz vagy az \u00d6n \u00e1ltal k\u00e9rt bizonyos funkci\u00f3k (pl. kos\u00e1r funkci\u00f3) biztos\u00edt\u00e1s\u00e1hoz sz\u00fcks\u00e9ges s\u00fctiket a DSGVO 6. cikk (1) bekezd\u00e9s\u00e9nek f) pontja alapj\u00e1n t\u00e1roljuk. A weboldal \u00fczemeltet\u0151j\u00e9nek jogos \u00e9rdeke f\u0171z\u0151dik a s\u00fctik t\u00e1rol\u00e1s\u00e1hoz a szolg\u00e1ltat\u00e1sainak technikailag hibamentes \u00e9s optimaliz\u00e1lt ny\u00fajt\u00e1sa \u00e9rdek\u00e9ben. Amennyiben egy\u00e9b cookie-kat (pl. az \u00d6n b\u00f6ng\u00e9sz\u00e9si szok\u00e1sainak elemz\u00e9s\u00e9re szolg\u00e1l\u00f3 cookie-kat) t\u00e1rolnak, ezeket a jelen adatv\u00e9delmi nyilatkozat k\u00fcl\u00f6n kezeli.<\/p>\r\n\r\n\r\n\r\n<h3 class=\"wp-block-heading\">Szerver napl\u00f3f\u00e1jlok<\/h3>\r\n\r\n\r\n\r\n<p>Az oldalak szolg\u00e1ltat\u00f3ja automatikusan inform\u00e1ci\u00f3kat gy\u0171jt \u00e9s t\u00e1rol az \u00fagynevezett szervernapl\u00f3f\u00e1jlokban, amelyeket az \u00d6n b\u00f6ng\u00e9sz\u0151je automatikusan tov\u00e1bb\u00edt nek\u00fcnk. Ezek a k\u00f6vetkez\u0151k:<\/p>\r\n\r\n\r\n\r\n<ul class=\"wp-block-list\"><li>B\u00f6ng\u00e9sz\u0151 t\u00edpusa \u00e9s verzi\u00f3ja<\/li><li>Haszn\u00e1lt oper\u00e1ci\u00f3s rendszer<\/li><li>Referrer URL<\/li><li>A hozz\u00e1f\u00e9r\u0151 sz\u00e1m\u00edt\u00f3g\u00e9p gazdaneve<\/li><li>A kiszolg\u00e1l\u00f3i k\u00e9r\u00e9s id\u0151pontja<\/li><li>IP-c\u00edm<\/li><\/ul>\r\n\r\n\r\n\r\n<p>Ezeket az adatokat nem egyes\u00edtik m\u00e1s adatforr\u00e1sokkal.<\/p>\r\n\r\n\r\n\r\n<p>Ezen adatok gy\u0171jt\u00e9se a DSGVO 6. cikk\u00e9nek (1) bekezd\u00e9s\u00e9nek f) pontja alapj\u00e1n t\u00f6rt\u00e9nik. A weboldal \u00fczemeltet\u0151j\u00e9nek jogos \u00e9rdeke f\u0171z\u0151dik a weboldal technikailag hibamentes megjelen\u00edt\u00e9s\u00e9hez \u00e9s optimaliz\u00e1l\u00e1s\u00e1hoz &#8211; ebb\u0151l a c\u00e9lb\u00f3l a szervernapl\u00f3f\u00e1jlok gy\u0171jt\u00e9se sz\u00fcks\u00e9ges.<\/p>\r\n\r\n\r\n\r\n<h3 class=\"wp-block-heading\">Kapcsolatfelv\u00e9teli \u0171rlap<\/h3>\r\n\r\n\r\n\r\n<p>Ha a kapcsolatfelv\u00e9teli \u0171rlapon kereszt\u00fcl k\u00fcld nek\u00fcnk megkeres\u00e9st, a megkeres\u00e9si \u0171rlapon megadott adatait, bele\u00e9rtve az ott megadott el\u00e9rhet\u0151s\u00e9gi adatokat is, a megkeres\u00e9s feldolgoz\u00e1sa c\u00e9lj\u00e1b\u00f3l \u00e9s a tov\u00e1bbi k\u00e9rd\u00e9sek eset\u00e9n t\u00e1roljuk. Ezeket az adatokat az \u00d6n hozz\u00e1j\u00e1rul\u00e1sa n\u00e9lk\u00fcl nem adjuk tov\u00e1bb.<\/p>\r\n\r\n\r\n\r\n<p>A kapcsolatfelv\u00e9teli \u0171rlapon megadott adatok feldolgoz\u00e1sa ez\u00e9rt kiz\u00e1r\u00f3lag az \u00d6n hozz\u00e1j\u00e1rul\u00e1s\u00e1n alapul (DSGVO 6. cikk (1) bekezd\u00e9s a) pont). Ezt a hozz\u00e1j\u00e1rul\u00e1st b\u00e1rmikor visszavonhatja. Ehhez elegend\u0151 a sz\u00e1munkra k\u00fcld\u00f6tt inform\u00e1lis, e-mailben t\u00f6rt\u00e9n\u0151 k\u00f6zl\u00e9s. A visszavon\u00e1sig elv\u00e9gzett adatfeldolgoz\u00e1si m\u0171veletek jogszer\u0171s\u00e9g\u00e9t a visszavon\u00e1s nem \u00e9rinti.<\/p>\r\n\r\n\r\n\r\n<p>A kapcsolatfelv\u00e9teli \u0171rlapon megadott adatok mindaddig n\u00e1lunk maradnak, am\u00edg \u00d6n nem k\u00e9ri azok t\u00f6rl\u00e9s\u00e9t, nem vonja vissza az adatok t\u00e1rol\u00e1s\u00e1hoz adott hozz\u00e1j\u00e1rul\u00e1s\u00e1t, vagy am\u00edg az adatok t\u00e1rol\u00e1s\u00e1nak c\u00e9lja nem sz\u0171nik meg (pl. miut\u00e1n befejezt\u00fck a megkeres\u00e9se feldolgoz\u00e1s\u00e1t). A k\u00f6telez\u0151 jogi rendelkez\u00e9sek &#8211; k\u00fcl\u00f6n\u00f6sen a meg\u0151rz\u00e9si id\u0151szakok &#8211; nem \u00e9rintik.<\/p>\r\n\r\n\r\n\r\n<h3 class=\"wp-block-heading\">Regisztr\u00e1ci\u00f3 ezen a weboldalon<\/h3>\r\n\r\n\r\n\r\n<p>A weboldalunkon regisztr\u00e1lhat, ha tov\u00e1bbi funkci\u00f3kat szeretne haszn\u00e1lni. Az e c\u00e9lb\u00f3l megadott adatokat kiz\u00e1r\u00f3lag az adott aj\u00e1nlat vagy szolg\u00e1ltat\u00e1s ig\u00e9nybev\u00e9tel\u00e9re haszn\u00e1ljuk fel, amelyre \u00d6n regisztr\u00e1lt. A regisztr\u00e1ci\u00f3 sor\u00e1n k\u00e9rt k\u00f6telez\u0151 adatokat teljes k\u00f6r\u0171en meg kell adni. Ellenkez\u0151 esetben a regisztr\u00e1ci\u00f3t elutas\u00edtjuk.<\/p>\r\n\r\n\r\n\r\n<p>Fontos v\u00e1ltoz\u00e1sok eset\u00e9n, p\u00e9ld\u00e1ul az aj\u00e1nlat terjedelm\u00e9ben vagy technikailag sz\u00fcks\u00e9ges v\u00e1ltoztat\u00e1sok eset\u00e9n a regisztr\u00e1ci\u00f3 sor\u00e1n megadott e-mail c\u00edmet haszn\u00e1ljuk az \u00d6n ilyen m\u00f3don t\u00f6rt\u00e9n\u0151 t\u00e1j\u00e9koztat\u00e1s\u00e1ra.<\/p>\r\n\r\n\r\n\r\n<p>A regisztr\u00e1ci\u00f3 sor\u00e1n megadott adatok feldolgoz\u00e1sa az \u00d6n hozz\u00e1j\u00e1rul\u00e1s\u00e1n alapul (DSGVO 6. cikk (1) bek. a) pont). \u00d6n b\u00e1rmikor visszavonhatja hozz\u00e1j\u00e1rul\u00e1s\u00e1t. Ehhez elegend\u0151 a sz\u00e1munkra k\u00fcld\u00f6tt inform\u00e1lis, e-mailben t\u00f6rt\u00e9n\u0151 k\u00f6zl\u00e9s. A m\u00e1r elv\u00e9gzett adatfeldolgoz\u00e1s jogszer\u0171s\u00e9g\u00e9t a visszavon\u00e1s nem \u00e9rinti.<\/p>\r\n\r\n\r\n\r\n<p>A regisztr\u00e1ci\u00f3 sor\u00e1n gy\u0171jt\u00f6tt adatokat addig t\u00e1roljuk, am\u00edg \u00d6n regisztr\u00e1lt a weboldalunkon, majd ezt k\u00f6vet\u0151en t\u00f6r\u00f6lj\u00fck. A t\u00f6rv\u00e9nyes meg\u0151rz\u00e9si id\u0151szakok nem v\u00e1ltoznak.<\/p>\r\n\r\n\r\n\r\n<h3 class=\"wp-block-heading\">Hozz\u00e1sz\u00f3l\u00e1s funkci\u00f3 ezen a weboldalon<\/h3>\r\n\r\n\r\n\r\n<p>Az oldal hozz\u00e1sz\u00f3l\u00e1si funkci\u00f3ja eset\u00e9ben az \u00d6n hozz\u00e1sz\u00f3l\u00e1s\u00e1n k\u00edv\u00fcl a hozz\u00e1sz\u00f3l\u00e1s l\u00e9trehoz\u00e1s\u00e1nak id\u0151pontj\u00e1ra vonatkoz\u00f3 adatokat, az \u00d6n e-mail c\u00edm\u00e9t, \u00e9s ha nem n\u00e9vtelen\u00fcl tesz k\u00f6zz\u00e9, akkor az \u00d6n \u00e1ltal v\u00e1lasztott felhaszn\u00e1l\u00f3nevet is t\u00e1roljuk.<\/p>\r\n\r\n\r\n\r\n<p><strong>Az IP-c\u00edm t\u00e1rol\u00e1sa<\/strong><br>A hozz\u00e1sz\u00f3l\u00e1si funkci\u00f3 t\u00e1rolja a hozz\u00e1sz\u00f3l\u00f3 felhaszn\u00e1l\u00f3k IP-c\u00edm\u00e9t. Mivel nem ellen\u0151rizz\u00fck a hozz\u00e1sz\u00f3l\u00e1sokat oldalunkon, miel\u0151tt aktiv\u00e1l\u00f3dn\u00e1nak, sz\u00fcks\u00e9g\u00fcnk van ezekre az adatokra, hogy jogi jogs\u00e9rt\u00e9sek, p\u00e9ld\u00e1ul s\u00e9rteget\u00e9s vagy propaganda eset\u00e9n fell\u00e9phess\u00fcnk a szerz\u0151vel szemben.<\/p>\r\n\r\n\r\n\r\n<p><strong>Az \u00e9szrev\u00e9telek t\u00e1rol\u00e1si ideje<\/strong><br>A hozz\u00e1sz\u00f3l\u00e1sokat \u00e9s a kapcsol\u00f3d\u00f3 adatokat (pl. IP-c\u00edm) t\u00e1roljuk, \u00e9s azok mindaddig a weboldalunkon maradnak, am\u00edg a hozz\u00e1sz\u00f3l\u00e1sok tartalm\u00e1t teljesen t\u00f6r\u00f6lj\u00fck, vagy a hozz\u00e1sz\u00f3l\u00e1sokat jogi okokb\u00f3l (pl. s\u00e9rt\u0151 hozz\u00e1sz\u00f3l\u00e1sok) t\u00f6r\u00f6lni kell.<\/p>\r\n\r\n\r\n\r\n<p><strong>Jogalap<\/strong><br>A megjegyz\u00e9sek t\u00e1rol\u00e1sa az \u00d6n hozz\u00e1j\u00e1rul\u00e1s\u00e1n alapul (DSGVO 6. cikk (1) bekezd\u00e9s a) pont). \u00d6n b\u00e1rmikor visszavonhatja hozz\u00e1j\u00e1rul\u00e1s\u00e1t. Ehhez elegend\u0151 a sz\u00e1munkra k\u00fcld\u00f6tt inform\u00e1lis, e-mailben t\u00f6rt\u00e9n\u0151 k\u00f6zl\u00e9s. A m\u00e1r elv\u00e9gzett adatfeldolgoz\u00e1si m\u0171veletek jogszer\u0171s\u00e9g\u00e9t a visszavon\u00e1s nem \u00e9rinti.<\/p>\r\n\r\n\r\n\r\n<h3 class=\"wp-block-heading\">Adatfeldolgoz\u00e1s (\u00fcgyf\u00e9l- \u00e9s szerz\u0151d\u00e9ses adatok)<\/h3>\r\n\r\n\r\n\r\n<p>Szem\u00e9lyes adatokat csak annyiban gy\u0171jt\u00fcnk, dolgozunk fel \u00e9s haszn\u00e1lunk fel, amennyiben azok a jogviszony l\u00e9tes\u00edt\u00e9s\u00e9hez, tartalm\u00e1hoz vagy m\u00f3dos\u00edt\u00e1s\u00e1hoz sz\u00fcks\u00e9gesek (lelt\u00e1ri adatok). Ez a DSGVO 6. cikk (1) bekezd\u00e9s\u00e9nek b) pontja alapj\u00e1n t\u00f6rt\u00e9nik, amely lehet\u0151v\u00e9 teszi az adatok feldolgoz\u00e1s\u00e1t szerz\u0151d\u00e9s teljes\u00edt\u00e9se vagy szerz\u0151d\u00e9sk\u00f6t\u00e9st megel\u0151z\u0151 int\u00e9zked\u00e9sek c\u00e9lj\u00e1b\u00f3l. Az internetes oldalaink haszn\u00e1lat\u00e1ra vonatkoz\u00f3 szem\u00e9lyes adatokat (haszn\u00e1lati adatok) csak annyiban gy\u0171jtj\u00fck, dolgozzuk fel \u00e9s haszn\u00e1ljuk fel, amennyiben ez sz\u00fcks\u00e9ges ahhoz, hogy a felhaszn\u00e1l\u00f3 ig\u00e9nybe tudja venni a szolg\u00e1ltat\u00e1st, vagy hogy a felhaszn\u00e1l\u00f3nak sz\u00e1ml\u00e1t tudjunk ki\u00e1ll\u00edtani.<\/p>\r\n\r\n\r\n\r\n<p>Az \u00f6sszegy\u0171jt\u00f6tt \u00fcgyf\u00e9ladatokat a megrendel\u00e9s teljes\u00edt\u00e9se vagy az \u00fczleti kapcsolat megsz\u0171n\u00e9se ut\u00e1n t\u00f6r\u00f6lj\u00fck. A t\u00f6rv\u00e9nyes meg\u0151rz\u00e9si hat\u00e1rid\u0151k nem v\u00e1ltoznak.<\/p>\r\n\r\n\r\n\r\n<h3 class=\"wp-block-heading\">Adattov\u00e1bb\u00edt\u00e1s a szerz\u0151d\u00e9s megk\u00f6t\u00e9sekor online \u00e1ruh\u00e1zak, keresked\u0151k \u00e9s \u00e1ruk\u00fcld\u00e9s eset\u00e9n<\/h3>\r\n\r\n\r\n\r\n<p>Szem\u00e9lyes adatokat csak akkor tov\u00e1bb\u00edtunk harmadik f\u00e9lnek, ha ez a szerz\u0151d\u00e9s feldolgoz\u00e1s\u00e1val \u00f6sszef\u00fcgg\u00e9sben sz\u00fcks\u00e9ges, p\u00e9ld\u00e1ul az \u00e1ruk kisz\u00e1ll\u00edt\u00e1s\u00e1val megb\u00edzott v\u00e1llalatoknak vagy a fizet\u00e9s feldolgoz\u00e1s\u00e1val megb\u00edzott hitelint\u00e9zetnek. Tov\u00e1bbi adattov\u00e1bb\u00edt\u00e1sra nem ker\u00fcl sor, vagy csak akkor, ha \u00d6n kifejezetten hozz\u00e1j\u00e1rult az adattov\u00e1bb\u00edt\u00e1shoz. Az \u00d6n adatait az \u00d6n kifejezett hozz\u00e1j\u00e1rul\u00e1sa n\u00e9lk\u00fcl nem adjuk \u00e1t harmadik f\u00e9lnek, p\u00e9ld\u00e1ul rekl\u00e1mc\u00e9lokra.<\/p>\r\n\r\n\r\n\r\n<p>Az adatfeldolgoz\u00e1s alapja a DSGVO 6. cikk\u00e9nek (1) bekezd\u00e9s\u00e9nek b) pontja, amely lehet\u0151v\u00e9 teszi az adatok feldolgoz\u00e1s\u00e1t szerz\u0151d\u00e9s vagy szerz\u0151d\u00e9sk\u00f6t\u00e9st megel\u0151z\u0151 int\u00e9zked\u00e9sek teljes\u00edt\u00e9se c\u00e9lj\u00e1b\u00f3l.<\/p>\r\n\r\n\r\n\r\n<h3 class=\"wp-block-heading\">Adattov\u00e1bb\u00edt\u00e1s szolg\u00e1ltat\u00e1sokra \u00e9s digit\u00e1lis tartalomra vonatkoz\u00f3 szerz\u0151d\u00e9s megk\u00f6t\u00e9sekor<\/h3>\r\n\r\n\r\n\r\n<p>Szem\u00e9lyes adatokat csak akkor tov\u00e1bb\u00edtunk harmadik f\u00e9lnek, ha ez a szerz\u0151d\u00e9s teljes\u00edt\u00e9s\u00e9hez sz\u00fcks\u00e9ges, p\u00e9ld\u00e1ul a fizet\u00e9sek feldolgoz\u00e1s\u00e1val megb\u00edzott hitelint\u00e9zetnek.<\/p>\r\n\r\n\r\n\r\n<p>Tov\u00e1bbi adattov\u00e1bb\u00edt\u00e1sra nem ker\u00fcl sor, vagy csak akkor, ha \u00d6n kifejezetten hozz\u00e1j\u00e1rult az adattov\u00e1bb\u00edt\u00e1shoz. Az \u00d6n adatait az \u00d6n kifejezett hozz\u00e1j\u00e1rul\u00e1sa n\u00e9lk\u00fcl nem adjuk \u00e1t harmadik f\u00e9lnek, p\u00e9ld\u00e1ul rekl\u00e1mc\u00e9lokra.<\/p>\r\n\r\n\r\n\r\n<p>Az adatfeldolgoz\u00e1s alapja a DSGVO 6. cikk\u00e9nek (1) bekezd\u00e9s\u00e9nek b) pontja, amely lehet\u0151v\u00e9 teszi az adatok feldolgoz\u00e1s\u00e1t szerz\u0151d\u00e9s vagy szerz\u0151d\u00e9sk\u00f6t\u00e9st megel\u0151z\u0151 int\u00e9zked\u00e9sek teljes\u00edt\u00e9se c\u00e9lj\u00e1b\u00f3l.<\/p>\r\n\r\n\r\n\r\n<h2 class=\"wp-block-heading\">4. Elemz\u00e9si eszk\u00f6z\u00f6k \u00e9s rekl\u00e1m<\/h2>\r\n\r\n\r\n\r\n<h3 class=\"wp-block-heading\">Google Analytics<\/h3>\r\n\r\n\r\n\r\n<p>Ez a weboldal a Google Analytics webelemz\u0151 szolg\u00e1ltat\u00e1s funkci\u00f3it haszn\u00e1lja. A szolg\u00e1ltat\u00f3 a Google Inc, 1600 Amphitheatre Parkway, Mountain View, CA 94043, USA.<\/p>\r\n\r\n\r\n\r\n<p>A Google Analytics \u00fagynevezett &#8222;s\u00fctiket&#8221; haszn\u00e1l. Ezek olyan sz\u00f6veges f\u00e1jlok, amelyek az \u00d6n sz\u00e1m\u00edt\u00f3g\u00e9p\u00e9n t\u00e1rol\u00f3dnak, \u00e9s lehet\u0151v\u00e9 teszik a weboldal haszn\u00e1lat\u00e1nak elemz\u00e9s\u00e9t. A cookie-k \u00e1ltal gener\u00e1lt, a weboldal \u00d6n \u00e1ltali haszn\u00e1lat\u00e1ra vonatkoz\u00f3 inform\u00e1ci\u00f3kat \u00e1ltal\u00e1ban a Google egyik USA-beli szerver\u00e9re tov\u00e1bb\u00edtj\u00e1k \u00e9s ott t\u00e1rolj\u00e1k.<\/p>\r\n\r\n\r\n\r\n<p>A Google Analytics cookie-kat a DSGVO 6. cikk (1) bekezd\u00e9s\u00e9nek f) pontja alapj\u00e1n t\u00e1roljuk. A weboldal \u00fczemeltet\u0151j\u00e9nek jogos \u00e9rdeke f\u0171z\u0151dik a felhaszn\u00e1l\u00f3i magatart\u00e1s elemz\u00e9se a weboldal \u00e9s a hirdet\u00e9sek optimaliz\u00e1l\u00e1sa \u00e9rdek\u00e9ben.<\/p>\r\n\r\n\r\n\r\n<p><strong>IP anonimiz\u00e1l\u00e1s<\/strong><br>Ezen a weboldalon aktiv\u00e1ltuk az IP-anonimiz\u00e1l\u00e1si funkci\u00f3t. Ez azt jelenti, hogy az \u00d6n IP-c\u00edm\u00e9t a Google ler\u00f6vid\u00edti az Eur\u00f3pai Uni\u00f3 tag\u00e1llamaiban vagy az Eur\u00f3pai Gazdas\u00e1gi T\u00e9rs\u00e9gr\u0151l sz\u00f3l\u00f3 meg\u00e1llapod\u00e1s m\u00e1s szerz\u0151d\u0151 \u00e1llamaiban, miel\u0151tt tov\u00e1bb\u00edtja az USA-ba. A teljes IP-c\u00edm csak kiv\u00e9teles esetekben ker\u00fcl tov\u00e1bb\u00edt\u00e1sra a Google USA-beli szerver\u00e9re, ahol ler\u00f6vid\u00edtik. A weboldal \u00fczemeltet\u0151j\u00e9nek megb\u00edz\u00e1s\u00e1b\u00f3l a Google ezeket az inform\u00e1ci\u00f3kat a weboldal haszn\u00e1lat\u00e1nak \u00e9rt\u00e9kel\u00e9s\u00e9re, a weboldal tev\u00e9kenys\u00e9g\u00e9r\u0151l sz\u00f3l\u00f3 jelent\u00e9sek \u00f6ssze\u00e1ll\u00edt\u00e1s\u00e1ra, valamint a weboldal tev\u00e9kenys\u00e9g\u00e9vel \u00e9s az internethaszn\u00e1lattal kapcsolatos egy\u00e9b szolg\u00e1ltat\u00e1sok ny\u00fajt\u00e1s\u00e1ra haszn\u00e1lja fel a weboldal \u00fczemeltet\u0151je sz\u00e1m\u00e1ra. Az \u00d6n b\u00f6ng\u00e9sz\u0151je \u00e1ltal a Google Analytics r\u00e9szek\u00e9nt tov\u00e1bb\u00edtott IP-c\u00edm nem ker\u00fcl \u00f6sszevon\u00e1sra a Google egy\u00e9b adataival.<\/p>\r\n\r\n\r\n\r\n<p><strong>Browser Plugin<\/strong><br>A cookie-k haszn\u00e1lat\u00e1t a b\u00f6ng\u00e9sz\u0151je megfelel\u0151 be\u00e1ll\u00edt\u00e1sainak kiv\u00e1laszt\u00e1s\u00e1val elutas\u00edthatja, azonban k\u00e9rj\u00fck, vegye figyelembe, hogy ebben az esetben el\u0151fordulhat, hogy nem tudja majd haszn\u00e1lni a weboldal teljes funkcionalit\u00e1s\u00e1t. Ezen k\u00edv\u00fcl megakad\u00e1lyozhatja a cookie-k \u00e1ltal gener\u00e1lt \u00e9s a weboldal haszn\u00e1lat\u00e1val kapcsolatos adatok (bele\u00e9rtve az \u00d6n IP-c\u00edm\u00e9t) Google r\u00e9sz\u00e9re t\u00f6rt\u00e9n\u0151 gy\u0171jt\u00e9s\u00e9t, valamint ezen adatok Google \u00e1ltali feldolgoz\u00e1s\u00e1t az al\u00e1bbi linken el\u00e9rhet\u0151 b\u00f6ng\u00e9sz\u0151 b\u0151v\u00edtm\u00e9ny let\u00f6lt\u00e9s\u00e9vel \u00e9s telep\u00edt\u00e9s\u00e9vel:&nbsp;<a href=\"https:\/\/tools.google.com\/dlpage\/gaoptout?hl=de\" target=\"_blank\" rel=\"noreferrer noopener\">https:\/\/tools.google.com\/dlpage\/gaoptout?hl=de<\/a>.<\/p>\r\n\r\n\r\n\r\n<p><strong>Tiltakoz\u00e1s az adatgy\u0171jt\u00e9s ellen<\/strong><br>Az al\u00e1bbi linkre kattintva megakad\u00e1lyozhatja, hogy a Google Analytics adatokat gy\u0171jts\u00f6n \u00d6nr\u0151l. A rendszer egy lemond\u00f3 cookie-t \u00e1ll\u00edt be, amely megakad\u00e1lyozza az \u00d6n adatainak gy\u0171jt\u00e9s\u00e9t a weboldalon tett j\u00f6v\u0151beli l\u00e1togat\u00e1sok sor\u00e1n:&nbsp;<a href=\"javascript:gaOptout();\">A Google Analytics deaktiv\u00e1l\u00e1sa<\/a>. A Google adatv\u00e9delmi szab\u00e1lyzat\u00e1ban tov\u00e1bbi inform\u00e1ci\u00f3kat tal\u00e1l arr\u00f3l, hogy a Google Analytics hogyan kezeli a felhaszn\u00e1l\u00f3i adatokat:&nbsp;<a href=\"https:\/\/support.google.com\/analytics\/answer\/6004245?hl=de\" target=\"_blank\" rel=\"noreferrer noopener\">https:\/\/support.google.com\/analytics\/answer\/6004245?hl=de<\/a>.<\/p>\r\n\r\n\r\n\r\n<p><strong>Rendel\u00e9si adatok feldolgoz\u00e1sa<\/strong><br>A Google-lal megb\u00edz\u00e1si adatfeldolgoz\u00e1si szerz\u0151d\u00e9st k\u00f6t\u00f6tt\u00fcnk, \u00e9s a Google Analytics haszn\u00e1lata sor\u00e1n teljes m\u00e9rt\u00e9kben betartjuk a n\u00e9met adatv\u00e9delmi hat\u00f3s\u00e1gok szigor\u00fa k\u00f6vetelm\u00e9nyeit.<\/p>\r\n\r\n\r\n\r\n<p><strong>Demogr\u00e1fiai jellemz\u0151k a Google Analyticsben<\/strong><br>Ez a weboldal a Google Analytics &#8222;demogr\u00e1fiai jellemz\u0151k&#8221; funkci\u00f3j\u00e1t haszn\u00e1lja. Ez lehet\u0151v\u00e9 teszi olyan jelent\u00e9sek k\u00e9sz\u00edt\u00e9s\u00e9t, amelyek a webhely l\u00e1togat\u00f3inak kor\u00e1ra, nem\u00e9re \u00e9s \u00e9rdekl\u0151d\u00e9si k\u00f6r\u00e9re vonatkoz\u00f3 adatokat tartalmaznak. Ezek az adatok a Google \u00e9rdekl\u0151d\u00e9sen alapul\u00f3 hirdet\u00e9seib\u0151l, valamint harmadik f\u00e9l szolg\u00e1ltat\u00f3kt\u00f3l sz\u00e1rmaz\u00f3 l\u00e1togat\u00f3i adatokb\u00f3l sz\u00e1rmaznak. Ezeket az adatokat nem lehet konkr\u00e9t szem\u00e9lyhez rendelni. Ezt a funkci\u00f3t b\u00e1rmikor kikapcsolhatja a Google-fi\u00f3kja hirdet\u00e9si be\u00e1ll\u00edt\u00e1sain kereszt\u00fcl, vagy \u00e1ltal\u00e1ban megtilthatja az adatgy\u0171jt\u00e9st a Google Analytics \u00e1ltal, ahogyan az az &#8222;Adatgy\u0171jt\u00e9s elleni tiltakoz\u00e1s&#8221; pontban l\u00e1that\u00f3.<\/p>\r\n\r\n","protected":false},"excerpt":{"rendered":"<p>1. Az adatv\u00e9delem \u00e1ttekint\u00e9se \u00c1ltal\u00e1nos megjegyz\u00e9sek Az al\u00e1bbi inform\u00e1ci\u00f3k egyszer\u0171 \u00e1ttekint\u00e9st ny\u00fajtanak arr\u00f3l, hogy mi t\u00f6rt\u00e9nik az \u00d6n szem\u00e9lyes adataival, amikor megl\u00e1togatja weboldalunkat. Szem\u00e9lyes adatnak min\u0151s\u00fcl minden olyan adat, amely &#8230;<\/p>\n","protected":false},"author":1,"featured_media":0,"parent":0,"menu_order":0,"comment_status":"closed","ping_status":"closed","template":"","meta":{"footnotes":""},"class_list":["post-110","page","type-page","status-publish","hentry"],"yoast_head":"<!-- This site is optimized with the Yoast SEO plugin v27.5 - https:\/\/yoast.com\/product\/yoast-seo-wordpress\/ -->\n<title>Adatv\u00e9delem<\/title>\n<meta name=\"description\" content=\"1. Az adatv\u00e9delem \u00e1ttekint\u00e9se \u00c1ltal\u00e1nos megjegyz\u00e9sek Az al\u00e1bbi inform\u00e1ci\u00f3k egyszer\u0171 \u00e1ttekint\u00e9st ny\u00fajtanak arr\u00f3l, hogy mi t\u00f6rt\u00e9nik az \u00d6n szem\u00e9lyes adataival, amikor megl\u00e1togatja weboldalunkat. Szem\u00e9lyes adatnak min\u0151s\u00fcl minden olyan adat, amely alapj\u00e1n \u00d6n szem\u00e9lyesen azonos\u00edthat\u00f3. Az adatv\u00e9delemmel kapcsolatos r\u00e9szletes inform\u00e1ci\u00f3k\u00e9rt k\u00e9rj\u00fck, olvassa el a jelen sz\u00f6veg alatt tal\u00e1lhat\u00f3 adatv\u00e9delmi szab\u00e1lyzatunkat. Adatgy\u0171jt\u00e9s a weboldalunkon Ki a felel\u0151s&hellip;\" \/>\n<meta name=\"robots\" content=\"noindex, follow\" \/>\n<meta property=\"og:locale\" content=\"hu_HU\" \/>\n<meta property=\"og:type\" content=\"article\" \/>\n<meta property=\"og:title\" content=\"Adatv\u00e9delem\" \/>\n<meta property=\"og:description\" content=\"1. Az adatv\u00e9delem \u00e1ttekint\u00e9se \u00c1ltal\u00e1nos megjegyz\u00e9sek Az al\u00e1bbi inform\u00e1ci\u00f3k egyszer\u0171 \u00e1ttekint\u00e9st ny\u00fajtanak arr\u00f3l, hogy mi t\u00f6rt\u00e9nik az \u00d6n szem\u00e9lyes adataival, amikor megl\u00e1togatja weboldalunkat. Szem\u00e9lyes adatnak min\u0151s\u00fcl minden olyan adat, amely alapj\u00e1n \u00d6n szem\u00e9lyesen azonos\u00edthat\u00f3. Az adatv\u00e9delemmel kapcsolatos r\u00e9szletes inform\u00e1ci\u00f3k\u00e9rt k\u00e9rj\u00fck, olvassa el a jelen sz\u00f6veg alatt tal\u00e1lhat\u00f3 adatv\u00e9delmi szab\u00e1lyzatunkat. Adatgy\u0171jt\u00e9s a weboldalunkon Ki a felel\u0151s&hellip;\" \/>\n<meta property=\"og:url\" content=\"https:\/\/www.zeitlos-vertrieb.de\/hu\/adatvedelem\/\" \/>\n<meta property=\"og:site_name\" content=\"ZEITLOS\" \/>\n<meta property=\"article:modified_time\" content=\"2020-10-23T08:13:33+00:00\" \/>\n<meta name=\"twitter:card\" content=\"summary_large_image\" \/>\n<meta name=\"twitter:label1\" content=\"Becs\u00fclt olvas\u00e1si id\u0151\" \/>\n\t<meta name=\"twitter:data1\" content=\"13 perc\" \/>\n<script type=\"application\/ld+json\" class=\"yoast-schema-graph\">{\"@context\":\"https:\\\/\\\/schema.org\",\"@graph\":[{\"@type\":\"WebPage\",\"@id\":\"https:\\\/\\\/www.zeitlos-vertrieb.de\\\/hu\\\/adatvedelem\\\/\",\"url\":\"https:\\\/\\\/www.zeitlos-vertrieb.de\\\/hu\\\/adatvedelem\\\/\",\"name\":\"ZEITLOS - Datenschutz\",\"isPartOf\":{\"@id\":\"https:\\\/\\\/www.zeitlos-vertrieb.de\\\/#website\"},\"datePublished\":\"2020-10-12T07:56:32+00:00\",\"dateModified\":\"2020-10-23T08:13:33+00:00\",\"description\":\"Zeitlos bietet als Outsourcing-Dienstleister im Logistik- und Fulfillmentbereich innovative L\u00f6sungen f\u00fcr alle Prozesse im After Sales Service.\",\"breadcrumb\":{\"@id\":\"https:\\\/\\\/www.zeitlos-vertrieb.de\\\/hu\\\/adatvedelem\\\/#breadcrumb\"},\"inLanguage\":\"hu\",\"potentialAction\":[{\"@type\":\"ReadAction\",\"target\":[\"https:\\\/\\\/www.zeitlos-vertrieb.de\\\/hu\\\/adatvedelem\\\/\"]}]},{\"@type\":\"BreadcrumbList\",\"@id\":\"https:\\\/\\\/www.zeitlos-vertrieb.de\\\/hu\\\/adatvedelem\\\/#breadcrumb\",\"itemListElement\":[{\"@type\":\"ListItem\",\"position\":1,\"name\":\"Startseite\",\"item\":\"https:\\\/\\\/www.zeitlos-vertrieb.de\\\/\"},{\"@type\":\"ListItem\",\"position\":2,\"name\":\"Adatv\u00e9delem\"}]},{\"@type\":\"WebSite\",\"@id\":\"https:\\\/\\\/www.zeitlos-vertrieb.de\\\/hu\\\/#website\",\"url\":\"https:\\\/\\\/www.zeitlos-vertrieb.de\\\/hu\\\/\",\"name\":\"ZEITLOS\",\"description\":\"Design- und Vertriebs GmbH\",\"publisher\":{\"@id\":\"https:\\\/\\\/www.zeitlos-vertrieb.de\\\/hu\\\/#organization\"},\"potentialAction\":[{\"@type\":\"SearchAction\",\"target\":{\"@type\":\"EntryPoint\",\"urlTemplate\":\"https:\\\/\\\/www.zeitlos-vertrieb.de\\\/hu\\\/?s={search_term_string}\"},\"query-input\":{\"@type\":\"PropertyValueSpecification\",\"valueRequired\":true,\"valueName\":\"search_term_string\"}}],\"inLanguage\":\"hu\"},{\"@type\":\"Organization\",\"@id\":\"https:\\\/\\\/www.zeitlos-vertrieb.de\\\/hu\\\/#organization\",\"name\":\"ZEITLOS Design- und Vertriebs GmbH\",\"url\":\"https:\\\/\\\/www.zeitlos-vertrieb.de\\\/hu\\\/\",\"logo\":{\"@type\":\"ImageObject\",\"inLanguage\":\"hu\",\"@id\":\"https:\\\/\\\/www.zeitlos-vertrieb.de\\\/hu\\\/#\\\/schema\\\/logo\\\/image\\\/\",\"url\":\"https:\\\/\\\/www.zeitlos-vertrieb.de\\\/wp-content\\\/uploads\\\/2020\\\/10\\\/Logo2.png\",\"contentUrl\":\"https:\\\/\\\/www.zeitlos-vertrieb.de\\\/wp-content\\\/uploads\\\/2020\\\/10\\\/Logo2.png\",\"width\":551,\"height\":154,\"caption\":\"ZEITLOS Design- und Vertriebs GmbH\"},\"image\":{\"@id\":\"https:\\\/\\\/www.zeitlos-vertrieb.de\\\/hu\\\/#\\\/schema\\\/logo\\\/image\\\/\"}}]}<\/script>\n<!-- \/ Yoast SEO plugin. -->","yoast_head_json":{"title":"Adatv\u00e9delem","description":"1. Az adatv\u00e9delem \u00e1ttekint\u00e9se \u00c1ltal\u00e1nos megjegyz\u00e9sek Az al\u00e1bbi inform\u00e1ci\u00f3k egyszer\u0171 \u00e1ttekint\u00e9st ny\u00fajtanak arr\u00f3l, hogy mi t\u00f6rt\u00e9nik az \u00d6n szem\u00e9lyes adataival, amikor megl\u00e1togatja weboldalunkat. Szem\u00e9lyes adatnak min\u0151s\u00fcl minden olyan adat, amely alapj\u00e1n \u00d6n szem\u00e9lyesen azonos\u00edthat\u00f3. Az adatv\u00e9delemmel kapcsolatos r\u00e9szletes inform\u00e1ci\u00f3k\u00e9rt k\u00e9rj\u00fck, olvassa el a jelen sz\u00f6veg alatt tal\u00e1lhat\u00f3 adatv\u00e9delmi szab\u00e1lyzatunkat. Adatgy\u0171jt\u00e9s a weboldalunkon Ki a felel\u0151s&hellip;","robots":{"index":"noindex","follow":"follow"},"og_locale":"hu_HU","og_type":"article","og_title":"Adatv\u00e9delem","og_description":"1. Az adatv\u00e9delem \u00e1ttekint\u00e9se \u00c1ltal\u00e1nos megjegyz\u00e9sek Az al\u00e1bbi inform\u00e1ci\u00f3k egyszer\u0171 \u00e1ttekint\u00e9st ny\u00fajtanak arr\u00f3l, hogy mi t\u00f6rt\u00e9nik az \u00d6n szem\u00e9lyes adataival, amikor megl\u00e1togatja weboldalunkat. Szem\u00e9lyes adatnak min\u0151s\u00fcl minden olyan adat, amely alapj\u00e1n \u00d6n szem\u00e9lyesen azonos\u00edthat\u00f3. Az adatv\u00e9delemmel kapcsolatos r\u00e9szletes inform\u00e1ci\u00f3k\u00e9rt k\u00e9rj\u00fck, olvassa el a jelen sz\u00f6veg alatt tal\u00e1lhat\u00f3 adatv\u00e9delmi szab\u00e1lyzatunkat. Adatgy\u0171jt\u00e9s a weboldalunkon Ki a felel\u0151s&hellip;","og_url":"https:\/\/www.zeitlos-vertrieb.de\/hu\/adatvedelem\/","og_site_name":"ZEITLOS","article_modified_time":"2020-10-23T08:13:33+00:00","twitter_card":"summary_large_image","twitter_misc":{"Becs\u00fclt olvas\u00e1si id\u0151":"13 perc"},"schema":{"@context":"https:\/\/schema.org","@graph":[{"@type":"WebPage","@id":"https:\/\/www.zeitlos-vertrieb.de\/hu\/adatvedelem\/","url":"https:\/\/www.zeitlos-vertrieb.de\/hu\/adatvedelem\/","name":"ZEITLOS - Datenschutz","isPartOf":{"@id":"https:\/\/www.zeitlos-vertrieb.de\/#website"},"datePublished":"2020-10-12T07:56:32+00:00","dateModified":"2020-10-23T08:13:33+00:00","description":"Zeitlos bietet als Outsourcing-Dienstleister im Logistik- und Fulfillmentbereich innovative L\u00f6sungen f\u00fcr alle Prozesse im After Sales Service.","breadcrumb":{"@id":"https:\/\/www.zeitlos-vertrieb.de\/hu\/adatvedelem\/#breadcrumb"},"inLanguage":"hu","potentialAction":[{"@type":"ReadAction","target":["https:\/\/www.zeitlos-vertrieb.de\/hu\/adatvedelem\/"]}]},{"@type":"BreadcrumbList","@id":"https:\/\/www.zeitlos-vertrieb.de\/hu\/adatvedelem\/#breadcrumb","itemListElement":[{"@type":"ListItem","position":1,"name":"Startseite","item":"https:\/\/www.zeitlos-vertrieb.de\/"},{"@type":"ListItem","position":2,"name":"Adatv\u00e9delem"}]},{"@type":"WebSite","@id":"https:\/\/www.zeitlos-vertrieb.de\/hu\/#website","url":"https:\/\/www.zeitlos-vertrieb.de\/hu\/","name":"ZEITLOS","description":"Design- und Vertriebs GmbH","publisher":{"@id":"https:\/\/www.zeitlos-vertrieb.de\/hu\/#organization"},"potentialAction":[{"@type":"SearchAction","target":{"@type":"EntryPoint","urlTemplate":"https:\/\/www.zeitlos-vertrieb.de\/hu\/?s={search_term_string}"},"query-input":{"@type":"PropertyValueSpecification","valueRequired":true,"valueName":"search_term_string"}}],"inLanguage":"hu"},{"@type":"Organization","@id":"https:\/\/www.zeitlos-vertrieb.de\/hu\/#organization","name":"ZEITLOS Design- und Vertriebs GmbH","url":"https:\/\/www.zeitlos-vertrieb.de\/hu\/","logo":{"@type":"ImageObject","inLanguage":"hu","@id":"https:\/\/www.zeitlos-vertrieb.de\/hu\/#\/schema\/logo\/image\/","url":"https:\/\/www.zeitlos-vertrieb.de\/wp-content\/uploads\/2020\/10\/Logo2.png","contentUrl":"https:\/\/www.zeitlos-vertrieb.de\/wp-content\/uploads\/2020\/10\/Logo2.png","width":551,"height":154,"caption":"ZEITLOS Design- und Vertriebs GmbH"},"image":{"@id":"https:\/\/www.zeitlos-vertrieb.de\/hu\/#\/schema\/logo\/image\/"}}]}},"_links":{"self":[{"href":"https:\/\/www.zeitlos-vertrieb.de\/hu\/wp-json\/wp\/v2\/pages\/110","targetHints":{"allow":["GET"]}}],"collection":[{"href":"https:\/\/www.zeitlos-vertrieb.de\/hu\/wp-json\/wp\/v2\/pages"}],"about":[{"href":"https:\/\/www.zeitlos-vertrieb.de\/hu\/wp-json\/wp\/v2\/types\/page"}],"author":[{"embeddable":true,"href":"https:\/\/www.zeitlos-vertrieb.de\/hu\/wp-json\/wp\/v2\/users\/1"}],"replies":[{"embeddable":true,"href":"https:\/\/www.zeitlos-vertrieb.de\/hu\/wp-json\/wp\/v2\/comments?post=110"}],"version-history":[{"count":2,"href":"https:\/\/www.zeitlos-vertrieb.de\/hu\/wp-json\/wp\/v2\/pages\/110\/revisions"}],"predecessor-version":[{"id":180,"href":"https:\/\/www.zeitlos-vertrieb.de\/hu\/wp-json\/wp\/v2\/pages\/110\/revisions\/180"}],"wp:attachment":[{"href":"https:\/\/www.zeitlos-vertrieb.de\/hu\/wp-json\/wp\/v2\/media?parent=110"}],"curies":[{"name":"wp","href":"https:\/\/api.w.org\/{rel}","templated":true}]}}