{"id":110,"date":"2020-10-12T09:56:32","date_gmt":"2020-10-12T07:56:32","guid":{"rendered":"https:\/\/www2.zeitlos-vertrieb.de\/?page_id=110"},"modified":"2020-10-23T10:13:33","modified_gmt":"2020-10-23T08:13:33","slug":"datenschutz","status":"publish","type":"page","link":"https:\/\/www.zeitlos-vertrieb.de\/lb\/dateschutz\/","title":{"rendered":"Dateschutz"},"content":{"rendered":"\r\n<h2 class=\"wp-block-heading\">1. Dateschutz op ee Bl\u00e9ck<\/h2>\r\n\r\n\r\n\r\n<h3 class=\"wp-block-heading\">Allgemeng Informatioun<\/h3>\r\n\r\n\r\n\r\n<p>D\u00e9i folgend Notizen bidden en einfachen Iwwerbl\u00e9ck iwwer wat mat \u00c4re pers\u00e9inlechen Donn\u00e9e\u00eb geschitt wann Dir eis Webs\u00e4it besicht. Pers\u00e9inlech Donn\u00e9e\u00eb sinn all Daten mat deenen Dir pers\u00e9inlech identifiz\u00e9iert ka ginn. Detaill\u00e9iert Informatiounen zum Thema Dateschutz fannt Dir an eiser Dateschutzerkl\u00e4rung, d\u00e9i \u00ebnnert d\u00ebsem Text opgezielt ass.<\/p>\r\n\r\n\r\n\r\n<h3 class=\"wp-block-heading\">Datensammlung op eiser Webs\u00e4it<\/h3>\r\n\r\n\r\n\r\n<p><strong>Wien ass verantwortlech fir d&#8217;Datesammlung op d\u00ebser Webs\u00e4it?<\/strong><br>D&#8217;Dateveraarbechtung op d\u00ebser Webs\u00e4it g\u00ebtt vum Webs\u00e4it Bedreiwer duerchgefouert. Dir fannt hir Kontaktdetailer am Impressum vun d\u00ebser Webs\u00e4it.<\/p>\r\n\r\n\r\n\r\n<p><strong>W\u00e9i sammele mir \u00c4r Donn\u00e9e\u00ebn?<\/strong><br>Engers\u00e4its ginn \u00c4r Donn\u00e9e\u00eb gesammelt wann Dir eis se kommuniz\u00e9iert. D\u00ebst kann zum Beispill Daten sinn, d\u00e9i Dir an engem Kontaktformular aginn.<\/p>\r\n\r\n\r\n\r\n<p>Aner Donn\u00e9e\u00eb ginn automatesch vun eisen IT Systemer opgeholl wann Dir d&#8217;Webs\u00e4it besicht. D\u00ebst sinn haapts\u00e4chlech technesch Donn\u00e9e\u00ebn (zB Internetbrowser, Betribssystem oder Z\u00e4it vun der S\u00e4it Vue). D\u00ebs Donn\u00e9e\u00eb ginn automatesch gesammelt soubal Dir op eiser Webs\u00e4it gitt.<\/p>\r\n\r\n\r\n\r\n<p><strong>Fir wat benotze mir \u00c4r Donn\u00e9e\u00ebn?<\/strong><br>En Deel vun den Donn\u00e9e\u00ebn g\u00ebtt gesammelt fir s\u00e9cherzestellen datt d&#8217;Webs\u00e4it ouni Feeler geliwwert g\u00ebtt. Aner Donn\u00e9e\u00ebn k\u00ebnne benotzt ginn fir \u00c4ert Benotzerverhalen ze analys\u00e9ieren.<\/p>\r\n\r\n\r\n\r\n<p><strong>W\u00e9i eng Rechter hutt Dir iwwer \u00c4r Donn\u00e9e\u00ebn?<\/strong><br>Dir hutt d&#8217;Recht Informatiounen iwwer den Urspronk, den Empf\u00e4nger an den Zweck vun \u00c4re gesp\u00e4icherte pers\u00e9inlechen Donn\u00e9e\u00ebn zu all Moment gratis ze kr\u00e9ien. Dir hutt och d&#8217;Recht d&#8217;Korrektur, d&#8217;Block\u00e9ierung oder d&#8217;L\u00e4schen vun d\u00ebsen Donn\u00e9e\u00ebn ze froen. Wann Dir weider Froen zum Thema Dateschutz hutt, k\u00ebnnt Dir eis zu all Moment op der Adress, d\u00e9i am Impressum steet, kontakt\u00e9ieren. Dir hutt och d&#8217;Recht eng Plainte bei der zoust\u00e4nneger Iwwerwaachungsautorit\u00e9it ze maachen.<\/p>\r\n\r\n\r\n\r\n<h3 class=\"wp-block-heading\">Analyse Tools an Dr\u00ebtt Partei Tools<\/h3>\r\n\r\n\r\n\r\n<p>Wann Dir eis Webs\u00e4it besicht, k\u00ebnnt \u00c4ert Surfverhalen statistesch bew\u00e4ert ginn. D\u00ebst g\u00ebtt haapts\u00e4chlech mat Cookien a sougenannten Analyseprogrammer gemaach. D&#8217;Analyse vun \u00c4rem Surfverhalen ass normalerweis anonym; Surfverhalen kann net op Iech zr\u00e9ckverfollegt ginn. Dir k\u00ebnnt g\u00e9int d\u00ebs Analyse protest\u00e9ieren oder se verh\u00ebnneren andeems Dir best\u00ebmmten Tools net benotzt. Dir fannt detaill\u00e9iert Informatiounen doriwwer an der folgender Dateschutzerkl\u00e4rung. Dir k\u00ebnnt g\u00e9int d\u00ebs Analyse protest\u00e9ieren. Mir inform\u00e9ieren Iech an d\u00ebser Dateschutzerkl\u00e4rung iwwer d&#8217;M\u00e9iglechkeete vun der Uk\u00ebnnegung.<\/p>\r\n\r\n\r\n\r\n<h2 class=\"wp-block-heading\">2. Allgemeng Informatiounen an obligatoresch Informatiounen<\/h2>\r\n\r\n\r\n\r\n<h3 class=\"wp-block-heading\">Dateschutz<\/h3>\r\n\r\n\r\n\r\n<p>D&#8217;Bedreiwer vun d\u00ebse S\u00e4iten huelen de Schutz vun \u00c4re pers\u00e9inlechen Donn\u00e9e\u00ebn ganz eescht. Mir behandelen \u00c4r pers\u00e9inlech Donn\u00e9e\u00ebn vertraulech an am Aklang mat de gesetzleche Dateschutzreglementer an d\u00ebser Dateschutzerkl\u00e4rung.<\/p>\r\n\r\n\r\n\r\n<p>Wann Dir d\u00ebs Webs\u00e4it benotzt, gi verschidde pers\u00e9inlech Donn\u00e9e\u00eb gesammelt. Pers\u00e9inlech Daten sinn Daten mat deenen Dir pers\u00e9inlech identifiz\u00e9iert ka ginn. D\u00ebs Dateschutzerkl\u00e4rung erkl\u00e4ert w\u00e9i eng Date mir sammelen a fir wat mir se benotzen. Et erkl\u00e4ert och w\u00e9i a fir w\u00e9i engem Zweck dat geschitt.<\/p>\r\n\r\n\r\n\r\n<p>Mir w\u00ebllen drop hiweisen datt d&#8217;Dateniwwerdroung um Internet (z.B. wann Dir per E-Mail kommuniz\u00e9iert) S\u00e9cherheetsl\u00fccken kann hunn. E komplette Schutz vun den Date g\u00e9int Zougang vun Dr\u00ebttpersounen ass net m\u00e9iglech.<\/p>\r\n\r\n\r\n\r\n<h3 class=\"wp-block-heading\">Note op d\u00e9i responsabel Kierper<\/h3>\r\n\r\n\r\n\r\n<p>D&#8217;verantwortlech Kierper fir d&#8217;Datenveraarbechtung op d\u00ebser Webs\u00e4it ass:<\/p>\r\n\r\n\r\n\r\n<p>zeitlos design + vertriebs GmbH<br>Nachtwaid 6<br>79206 Breisach<\/p>\r\n\r\n\r\n\r\n<p>Telefon: 01805-003601<br>E-Mail: info@zeitlos-vertrieb.de<\/p>\r\n\r\n\r\n\r\n<p>D&#8217;verantwortlech Kierper ass d\u00e9i natierlech oder juristesch Persoun, d\u00e9i eleng oder zesumme mat aneren iwwer d&#8217;Ziler an d&#8217;Moyene fir d&#8217;Veraarbechtung vu pers\u00e9inlechen Donn\u00e9e\u00ebn (z.B. Nimm, E-Mailadressen, asw.) entscheet.<\/p>\r\n\r\n\r\n\r\n<h3 class=\"wp-block-heading\">R\u00e9ckzuch vun \u00c4rer Zoust\u00ebmmung fir Datenveraarbechtung<\/h3>\r\n\r\n\r\n\r\n<p>Vill Dateveraarbechtungsoperatioune sinn n\u00ebmme m\u00e9iglech mat \u00c4rer ausdr\u00e9cklecher Zoust\u00ebmmung. Dir k\u00ebnnt d&#8217;Zoust\u00ebmmung, d\u00e9i Dir scho ginn hutt, zu all Moment zr\u00e9ckz\u00e9ien. En informelle Message per E-Mail un eis geet duer. D&#8217;Legalit\u00e9it vun der Dateveraarbechtung, d\u00e9i stattfonnt huet bis d&#8217;Revokatioun, bleift net vun der Revocatioun beaflosst.<\/p>\r\n\r\n\r\n\r\n<h3 class=\"wp-block-heading\">Recht vun Appel un d\u00e9i zoust\u00e4nneg Opsiicht Autorit\u00e9it<\/h3>\r\n\r\n\r\n\r\n<p>Am Fall vu Violatioune vum Dateschutzgesetz huet d\u00e9i betraffe Persoun d&#8217;Recht eng Plainte bei der zoust\u00e4nneger Iwwerwaachungsautorit\u00e9it ze maachen. D\u00e9i zoust\u00e4nneg Iwwerwaachungsautorit\u00e9it fir Dateschutzprobleemer ass de staatlechen Dateschutzoffiz\u00e9ier vum Bundesstaat an deem eis Firma bas\u00e9iert. Eng L\u00ebscht vun Dateschutzbeamten an hir Kontaktdetailer fannt Dir um folgende Link:&nbsp;<a href=\"https:\/\/www.bfdi.bund.de\/DE\/Infothek\/Anschriften_Links\/anschriften_links-node.html\" target=\"_blank\" rel=\"noreferrer noopener\">https:\/\/www.bfdi.bund.de\/DE\/Infothek\/Anschriften_Links\/anschriften_links-node.html<\/a>.<\/p>\r\n\r\n\r\n\r\n<h3 class=\"wp-block-heading\">Recht op Datenportabilit\u00e9it<\/h3>\r\n\r\n\r\n\r\n<p>Dir hutt d&#8217;Recht Daten ze kr\u00e9ien, d\u00e9i mir automatesch op Basis vun \u00c4rer Zoust\u00ebmmung oder an der Erf\u00ebllung vun engem Kontrakt un Iech oder un enger Dr\u00ebtter an engem gemeinsamen, maschinn liesbare Format iwwerginn hunn. Wann Dir den direkten Transfert vun den Donn\u00e9e\u00ebn un eng aner Responsabel freet, g\u00ebtt dat n\u00ebmmen esou gemaach w\u00e9i et technesch machbar ass.<\/p>\r\n\r\n\r\n\r\n<h3 class=\"wp-block-heading\">SSL oder TLS Verschl\u00ebsselung<\/h3>\r\n\r\n\r\n\r\n<p>Aus S\u00e9cherheetsgr\u00ebnn a fir d&#8217;Transmissioun vu vertraulechen Inhalter ze sch\u00fctzen, w\u00e9i Bestellungen oder Ufroen, d\u00e9i Dir un eis als Site Bedreiwer sch\u00e9ckt, benotzt d\u00ebse Site en SSL oder TLS Verschl\u00ebsselung. Dir k\u00ebnnt eng verschl\u00ebsselte Verbindung erkennen duerch d&#8217;Tatsaach datt d&#8217;Adresslinn vum Browser vun &#171;http:\/\/&#187; op &#171;https:\/\/&#187; \u00e4nnert an duerch d&#8217;Sp\u00e4rsymbol an \u00c4rer Browserlinn.<\/p>\r\n\r\n\r\n\r\n<p>Wann d&#8217;SSL- oder TLS-Verschl\u00ebsselung aktiv\u00e9iert ass, k\u00ebnnen d&#8217;Donn\u00e9e\u00ebn, d\u00e9i Dir eis weiderginn, net vun Dr\u00ebtte gelies ginn.<\/p>\r\n\r\n\r\n\r\n<h3 class=\"wp-block-heading\">Verschl\u00ebsselte Bezuelungstransaktiounen op d\u00ebser Webs\u00e4it<\/h3>\r\n\r\n\r\n\r\n<p>Wann, nom Ofschloss vun engem Geb\u00fchrsbas\u00e9ierte Kontrakt, et eng Verpflichtung ass, eis \u00c4r Bezueldaten ze sch\u00e9cken (z.B. Kontosnummer fir d&#8217;Autorisatioun fir d&#8217;Autorisatioun), sinn d\u00ebs Donn\u00e9e\u00ebn erfuerderlech fir d&#8217;Bezuelungsveraarbechtung.<\/p>\r\n\r\n\r\n\r\n<p>Bezuelungstransaktiounen mat den \u00fcbleche Bezuelm\u00ebttel (Visa\/MasterCard, Direktdebit) ginn exklusiv iwwer eng verschl\u00ebsselte SSL oder TLS Verbindung duerchgefouert. Dir k\u00ebnnt eng verschl\u00ebsselte Verbindung erkennen duerch d&#8217;Tatsaach datt d&#8217;Adresslinn vum Browser vun &#171;http:\/\/&#187; op &#171;https:\/\/&#187; \u00e4nnert an duerch d&#8217;Sp\u00e4rsymbol an \u00c4rer Browserlinn.<\/p>\r\n\r\n\r\n\r\n<p>Mat verschl\u00ebsselte Kommunikatioun k\u00ebnnen \u00c4r Bezuelungsdaten, d\u00e9i Dir un eis weiderginn, net vun Dr\u00ebtte gelies ginn.<\/p>\r\n\r\n\r\n\r\n<h3 class=\"wp-block-heading\">Informatioun, Sp\u00e4r, L\u00e4schen<\/h3>\r\n\r\n\r\n\r\n<p>Am Kader vun den applicabelen gesetzleche Best\u00ebmmungen hutt Dir d&#8217;Recht op gratis Informatioun iwwer \u00c4r gesp\u00e4ichert pers\u00e9inlech Donn\u00e9e\u00ebn, hir Hierkonft an den Empf\u00e4nger an den Zweck vun der Dateveraarbechtung an, wann n\u00e9ideg, e Recht op Korrektur, Sp\u00e4r oder L\u00e4schen vun d\u00ebsen Donn\u00e9e\u00ebn op all Moment. Dir k\u00ebnnt eis zu all Moment op der Adress an der Impressum kontakt\u00e9ieren wann Dir weider Froen zum Thema pers\u00e9inlechen Donn\u00e9e\u00ebn hutt.<\/p>\r\n\r\n\r\n\r\n<h3 class=\"wp-block-heading\">Contestatioun fir Reklammen Mailen<\/h3>\r\n\r\n\r\n\r\n<p>Mir maachen doduerch g\u00e9int d&#8217;Benotzung vu Kontaktdaten, d\u00e9i als Deel vun der Impressiounsverpflichtung publiz\u00e9iert goufen, fir onerw\u00ebnscht Reklammen an Informatiounsmaterial ze sch\u00e9cken. D&#8217;Bedreiwer vum Site behalen ausdr\u00e9cklech d&#8217;Recht fir juristesch Moossnamen ze huelen am Fall vun onerw\u00ebnschte Reklammen, sou w\u00e9i Spam E-Mailen.<\/p>\r\n\r\n\r\n\r\n<h2 class=\"wp-block-heading\">3. Datensammlung op eiser Webs\u00e4it<\/h2>\r\n\r\n\r\n\r\n<h3 class=\"wp-block-heading\">Cookies<\/h3>\r\n\r\n\r\n\r\n<p>E puer vun de Webs\u00e4ite benotzen sougenannte Cookien. Cookien beschiedegen \u00c4re Computer net a enthalen keng Viren. Cookien d\u00e9ngen fir eis Offer m\u00e9i userfr\u00ebndlech, effektiv a s\u00e9cher ze maachen. Cookies si kleng Textdateien, d\u00e9i op \u00c4rem Computer gesp\u00e4ichert sinn a vun \u00c4rem Browser gesp\u00e4ichert ginn.<\/p>\r\n\r\n\r\n\r\n<p>D\u00e9i meescht vun de Cookien, d\u00e9i mir benotzen, si sougenannte &#171;Sessiouns-Cookien&#187;. Si ginn automatesch no \u00c4rem Besuch gel\u00e4scht. Aner Cookien bleiwen op \u00c4rem Endapparat gelagert bis Dir se l\u00e4scht. D\u00ebs Cookien erlaben eis \u00c4re Browser op \u00c4rem n\u00e4chste Besuch ze erkennen.<\/p>\r\n\r\n\r\n\r\n<p>Dir k\u00ebnnt \u00c4re Browser esou astellen datt Dir iwwer d&#8217;Astellung vu Cookien inform\u00e9iert sidd an n\u00ebmmen an eenzelne F\u00e4ll Cookien erlaabt, d&#8217;Akzeptanz vu Cookien fir best\u00ebmmte F\u00e4ll oder allgemeng ausgeschloss an d&#8217;automatesch L\u00e4schung vu Cookien aktiv\u00e9ieren wann de Browser zou ass. Wann Cookien deaktiv\u00e9iert sinn, kann d&#8217;Funktionalit\u00e9it vun d\u00ebser Webs\u00e4it limit\u00e9iert sinn.<\/p>\r\n\r\n\r\n\r\n<p>Cookien d\u00e9i erfuerderlech sinn fir den elektronesche Kommunikatiounsprozess auszef\u00e9ieren oder verschidde Funktiounen ze bidden d\u00e9i Dir w\u00ebllt (z.B. Shopping Cart Funktioun) ginn op der Basis vum Artikel 6 Para 1 lit f GDPR gesp\u00e4ichert. De Webs\u00e4itbetreiber huet e legitimen Interessi un der Sp\u00e4ichere vu Cookien fir d\u00e9i technesch Feelerfr\u00e4i an optimis\u00e9ierter Versuergung vu senge Servicer. Souw\u00e4it aner Cookien (z.B. Cookien fir \u00c4ert Surfverhalen ze analys\u00e9ieren) gesp\u00e4ichert ginn, ginn d\u00ebs an d\u00ebser Dateschutzerkl\u00e4rung getrennt behandelt.<\/p>\r\n\r\n\r\n\r\n<h3 class=\"wp-block-heading\">Server Log Dateien<\/h3>\r\n\r\n\r\n\r\n<p>De Provider vun de S\u00e4iten sammelt a sp\u00e4ichert automatesch Informatioun a sougenannte Serverlogdateien, d\u00e9i \u00c4re Browser automatesch un eis iwwerdr\u00e9it. Des sinn:<\/p>\r\n\r\n\r\n\r\n<ul class=\"wp-block-list\"><li>Browser Typ a Browser Versioun<\/li><li>Betribssystem benotzt<\/li><li>Referrer URL<\/li><li>Hostnumm vum Zougangscomputer<\/li><li>Z\u00e4it vun Server Ufro<\/li><li>IP Adress<\/li><\/ul>\r\n\r\n\r\n\r\n<p>D\u00ebs Donn\u00e9e\u00eb ginn net mat aneren Datequellen fusion\u00e9iert.<\/p>\r\n\r\n\r\n\r\n<p>D\u00ebs Donn\u00e9e\u00eb ginn op der Basis vum Artikel 6 (1) (f) GDPR gesammelt. De Bedreiwer vun der Webs\u00e4it huet e legitimen Interessi un der technescher fehlerfr\u00e4ier Presentatioun an der Optimisatioun vu senger Webs\u00e4it &#8211; d&#8217;Serverlogdateien musse fir d\u00ebsen Zweck opgeholl ginn.<\/p>\r\n\r\n\r\n\r\n<h3 class=\"wp-block-heading\">Kontakt Form<\/h3>\r\n\r\n\r\n\r\n<p>Wann Dir eis Ufroen iwwer de Kontaktformular sch\u00e9ckt, ginn \u00c4r Detailer aus dem Ufroformular, dor\u00ebnner d&#8217;Kontaktdaten, d\u00e9i Dir do uginn hutt, vun eis gesp\u00e4ichert fir den Zweck vun der Ufro ze behandelen an am Fall vu Suivi Froen. Mir ginn d\u00ebs Donn\u00e9e\u00ebn net ouni \u00c4r Zoust\u00ebmmung weider.<\/p>\r\n\r\n\r\n\r\n<p>D&#8217;Veraarbechtung vun den Donn\u00e9e\u00ebn, d\u00e9i am Kontaktformular aginn sinn, bas\u00e9iert also exklusiv op \u00c4rer Zoust\u00ebmmung (Artikel 6 (1) (a) GDPR). Dir k\u00ebnnt d\u00ebs Zoust\u00ebmmung zu all Moment zr\u00e9ckz\u00e9ien. En informelle Message per E-Mail un eis geet duer. D&#8217;Legalit\u00e9it vun den Dateveraarbechtungsoperatiounen, d\u00e9i bis zur Revocatioun duerchgefouert goufen, bleift net vun der Revocatioun beaflosst.<\/p>\r\n\r\n\r\n\r\n<p>D&#8217;Donn\u00e9e\u00ebn, d\u00e9i Dir am Kontaktformular aginn, bleiwe bei eis bis Dir eis freet se ze l\u00e4schen, \u00c4r Zoust\u00ebmmung fir d&#8217;Sp\u00e4ichere zr\u00e9ckz\u00e9ien oder den Zweck fir d&#8217;Datelagerung net m\u00e9i g\u00eblt (z.B. nodeems \u00c4r Ufro veraarbecht gouf). Obligatoresch gesetzlech Best\u00ebmmungen &#8211; besonnesch Retentiounsperioden &#8211; bleiwen onofh\u00e4ngeg.<\/p>\r\n\r\n\r\n\r\n<h3 class=\"wp-block-heading\">Aschreiwung op d\u00ebsem Site<\/h3>\r\n\r\n\r\n\r\n<p>Dir k\u00ebnnt Iech op eiser Webs\u00e4it aschreiwen fir zous\u00e4tzlech Funktiounen um Site ze benotzen. Mir benotzen d&#8217;Donn\u00e9e\u00ebn, d\u00e9i fir d\u00ebsen Zweck aginn sinn, n\u00ebmme fir den Zweck vun der jeeweileger Offer oder Service ze benotzen, fir d\u00e9i Dir registr\u00e9iert hutt. D\u00e9i obligatoresch Informatioun, d\u00e9i w\u00e4hrend der Aschreiwung gefrot g\u00ebtt, muss voll zur Verf\u00fcgung gestallt ginn. Soss w\u00e4erte mir d&#8217;Aschreiwung refus\u00e9ieren.<\/p>\r\n\r\n\r\n\r\n<p>Fir wichteg \u00c4nnerungen, w\u00e9i zum Beispill den \u00cbmfang vun der Offer oder technesch noutwenneg \u00c4nnerungen, benotze mir d&#8217;E-Mailadress, d\u00e9i w\u00e4hrend der Umeldung uginn ass, fir Iech op d\u00ebs Man\u00e9ier z&#8217;inform\u00e9ieren.<\/p>\r\n\r\n\r\n\r\n<p>D&#8217;Donn\u00e9e\u00ebn, d\u00e9i w\u00e4hrend der Aschreiwung aginn sinn, ginn op Basis vun \u00c4rer Zoust\u00ebmmung veraarbecht (Artikel 6 (1) (a) GDPR). Dir k\u00ebnnt zu all Moment all Zoust\u00ebmmung zr\u00e9ckz\u00e9ien. En informelle Message per E-Mail un eis geet duer. D&#8217;Legalit\u00e9it vun der Dateveraarbechtung, d\u00e9i scho stattfonnt huet, bleift net vun der R\u00e9ckzuch beaflosst.<\/p>\r\n\r\n\r\n\r\n<p>D&#8217;Donn\u00e9e\u00ebn, d\u00e9i w\u00e4hrend der Aschreiwung gesammelt ginn, gi vun eis gesp\u00e4ichert soulaang Dir op eiser Webs\u00e4it registr\u00e9iert sidd a ginn dann gel\u00e4scht. D&#8217;gesetzlech Retentiounsperioden bleiwen net beaflosst.<\/p>\r\n\r\n\r\n\r\n<h3 class=\"wp-block-heading\">Kommentar Funktioun op d\u00ebser Webs\u00e4it<\/h3>\r\n\r\n\r\n\r\n<p>Fir d&#8217;Kommentarfunktioun op d\u00ebser S\u00e4it, zous\u00e4tzlech zu \u00c4rem Kommentar, Informatioun iwwer d&#8217;Z\u00e4it wou de Kommentar erstallt gouf, \u00c4r E-Mailadress an, wann Dir net anonym postt, g\u00ebtt de Benotzernumm, deen Dir gewielt hutt, gesp\u00e4ichert.<\/p>\r\n\r\n\r\n\r\n<p><strong>Sp\u00e4ichere vun der IP Adress<\/strong><br>Eis Kommentarfunktioun sp\u00e4ichert d&#8217;IP Adresse vun de Benotzer d\u00e9i Kommentarer schreiwen. Well mir d&#8217;Kommentaren op eisem Site net iwwerpr\u00e9iwen ier se aktiv\u00e9iert sinn, brauche mir d\u00ebs Donn\u00e9e\u00ebn fir am Fall vu gesetzleche Violatioune w\u00e9i Beleidegungen oder Propaganda g\u00e9int den Auteur ze handelen.<\/p>\r\n\r\n\r\n\r\n<p><strong>Stockage Dauer vun de Kommentaren<\/strong><br>D&#8217;Kommentaren an d\u00e9i assozi\u00e9iert Donn\u00e9e\u00ebn (zB IP Adress) ginn gesp\u00e4ichert a bleiwen op eiser Webs\u00e4it bis de komment\u00e9ierten Inhalt komplett gel\u00e4scht ass oder d&#8217;Kommentaren aus gesetzleche Gr\u00ebnn (zB offensiv Kommentaren) gel\u00e4scht ginn.<\/p>\r\n\r\n\r\n\r\n<p><strong>legal Basis<\/strong><br>D&#8217;Kommentaren ginn op Basis vun \u00c4rer Zoust\u00ebmmung gesp\u00e4ichert (Artikel 6 (1) (a) GDPR). Dir k\u00ebnnt zu all Moment all Zoust\u00ebmmung zr\u00e9ckz\u00e9ien. En informelle Message per E-Mail un eis geet duer. D&#8217;Legalit\u00e9it vun den Dateveraarbechtungsoperatiounen, d\u00e9i scho stattfonnt hunn, bleift net beaflosst vun der R\u00e9ckzuch.<\/p>\r\n\r\n\r\n\r\n<h3 class=\"wp-block-heading\">Veraarbechtung vun Donn\u00e9e\u00ebn (Client- a Kontraktdaten)<\/h3>\r\n\r\n\r\n\r\n<p>Mir sammelen, veraarbecht a benotzen pers\u00e9inlech Donn\u00e9e\u00ebn n\u00ebmme souw\u00e4it se n\u00e9ideg sinn fir d&#8217;Etablissement, den Inhalt oder d&#8217;\u00c4nnerung vun der juristescher Bez\u00e9iung (Inventardaten). D\u00ebst bas\u00e9iert op Artikel 6 Paragraph 1 Br\u00e9if b GDPR, deen d&#8217;Veraarbechtung vun Daten erlaabt fir e Kontrakt oder pre-kontraktuell Moossnamen z&#8217;erf\u00ebllen. Mir sammelen, veraarbecht a benotzen pers\u00e9inlech Donn\u00e9e\u00ebn iwwer d&#8217;Benotzung vun eiser Webs\u00e4it (Notzungsdaten) n\u00ebmmen am Mooss n\u00e9ideg fir de Benotzer de Service ze benotzen oder de Benotzer ze faktur\u00e9ieren.<\/p>\r\n\r\n\r\n\r\n<p>D\u00e9i gesammelt Clientdaten ginn nom Ofschloss vun der Bestellung oder der K\u00ebnnegung vun der Gesch\u00e4ftsbez\u00e9iung gel\u00e4scht. D&#8217;gesetzlech Retentiounsperioden bleiwen net beaflosst.<\/p>\r\n\r\n\r\n\r\n<h3 class=\"wp-block-heading\">Dateniwwerdroung beim Ofschloss vum Kontrakt fir Online Gesch\u00e4fter, H\u00e4ndler a Wuerenversch\u00e9cken<\/h3>\r\n\r\n\r\n\r\n<p>Mir verm\u00ebttelen n\u00ebmme pers\u00e9inlech Donn\u00e9e\u00ebn un Dr\u00ebttpersounen, wann dat am Kontext vun der Kontraktveraarbechtung n\u00e9ideg ass, zum Beispill un d&#8217;Firma, d\u00e9i d&#8217;Liwwerung vun de Wueren uvertraut ass oder d&#8217;Bank, d\u00e9i fir d&#8217;Bezuelung verantwortlech ass. All weider Iwwerdroung vun den Daten f\u00ebnnt net statt oder n\u00ebmmen wann Dir ausdr\u00e9cklech der Iwwerdroung zoust\u00ebmmt hutt. \u00c4r Donn\u00e9e\u00eb ginn net un Dr\u00ebtte weiderginn ouni \u00c4r ausdr\u00e9cklech Zoust\u00ebmmung, zum Beispill fir Reklammzwecker.<\/p>\r\n\r\n\r\n\r\n<p>D&#8217;Basis fir d&#8217;Dateveraarbechtung ass den Artikel 6 Paragraph 1 lit b GDPR, deen d&#8217;Veraarbechtung vun Daten erlaabt fir e Kontrakt oder pre-kontraktuell Moossnamen z&#8217;erf\u00ebllen.<\/p>\r\n\r\n\r\n\r\n<h3 class=\"wp-block-heading\">Dateniwwerdroung beim Ofschloss vum Kontrakt fir Servicer an digital Inhalter<\/h3>\r\n\r\n\r\n\r\n<p>Mir verm\u00ebttelen n\u00ebmme pers\u00e9inlech Donn\u00e9e\u00ebn un Dr\u00ebttubidder, wann dat am Kader vun der Kontraktveraarbechtung n\u00e9ideg ass, zum Beispill un d&#8217;Bank, d\u00e9i verantwortlech ass fir d&#8217;Bezuelungen ze veraarbecht.<\/p>\r\n\r\n\r\n\r\n<p>All weider Iwwerdroung vun den Daten f\u00ebnnt net statt oder n\u00ebmmen wann Dir ausdr\u00e9cklech der Iwwerdroung zoust\u00ebmmt hutt. \u00c4r Donn\u00e9e\u00eb ginn net un Dr\u00ebtte weiderginn ouni \u00c4r ausdr\u00e9cklech Zoust\u00ebmmung, zum Beispill fir Reklammzwecker.<\/p>\r\n\r\n\r\n\r\n<p>D&#8217;Basis fir d&#8217;Dateveraarbechtung ass den Artikel 6 Paragraph 1 lit b GDPR, deen d&#8217;Veraarbechtung vun Daten erlaabt fir e Kontrakt oder pre-kontraktuell Moossnamen z&#8217;erf\u00ebllen.<\/p>\r\n\r\n\r\n\r\n<h2 class=\"wp-block-heading\">4. Analyse Tools a Reklammen<\/h2>\r\n\r\n\r\n\r\n<h3 class=\"wp-block-heading\">Google Analytics<\/h3>\r\n\r\n\r\n\r\n<p>D\u00ebs Webs\u00e4it benotzt Funktiounen vum Webanalyseservice Google Analytics. De Provider ass Google Inc., 1600 Amphitheatre Parkway, Mountain View, CA 94043, USA.<\/p>\r\n\r\n\r\n\r\n<p>Google Analytics benotzt sougenannte &#171;Cookien&#187;. D\u00ebst sinn Textdateien d\u00e9i op \u00c4rem Computer gesp\u00e4ichert sinn an d\u00e9i eng Analyse vun \u00c4rer Benotzung vun der Webs\u00e4it erm\u00e9iglechen. D&#8217;Informatioun, d\u00e9i vum Cookie gener\u00e9iert g\u00ebtt iwwer \u00c4r Notzung vun d\u00ebser Webs\u00e4it g\u00ebtt normalerweis op e Google Server an den USA iwwerdroen an do gesp\u00e4ichert.<\/p>\r\n\r\n\r\n\r\n<p>Google Analytics Cookien ginn op der Basis vum Artikel 6 (1) (f) GDPR gesp\u00e4ichert. De Webs\u00e4it Bedreiwer huet e legitimen Interesse fir d&#8217;Benotzerverhalen ze analys\u00e9ieren fir souwuel seng Webs\u00e4it w\u00e9i och seng Reklammen ze optimis\u00e9ieren.<\/p>\r\n\r\n\r\n\r\n<p><strong>IP Anonymis\u00e9ierung<\/strong><br>Mir hunn d&#8217;IP Anonymis\u00e9ierungsfunktioun op d\u00ebser Webs\u00e4it aktiv\u00e9iert. Als Resultat g\u00ebtt \u00c4r IP Adress vu Google bannent Memberstaaten vun der Europ\u00e4escher Unioun oder an anere Kontrakterstaate vum Ofkommes iwwer den Europ\u00e4esche Wirtschaftsraum verkierzt ier se an d&#8217;USA iwwerdroe g\u00ebtt. N\u00ebmmen an aussergew\u00e9inleche F\u00e4ll g\u00ebtt d\u00e9i voll IP Adress un e Google Server an den USA gesch\u00e9ckt an do verkierzt. Am Numm vum Bedreiwer vun d\u00ebser Webs\u00e4it w\u00e4ert Google d\u00ebs Informatioun benotzen fir \u00c4r Benotzung vun der Webs\u00e4it ze evalu\u00e9ieren, Berichter iwwer Webs\u00e4itaktivit\u00e9it ze kompil\u00e9ieren an aner Servicer am Zesummenhang mat der Webs\u00e4itaktivit\u00e9it an dem Internetverbrauch un de Webs\u00e4itbetreiber ze bidden. D&#8217;IP Adress, d\u00e9i vun \u00c4rem Browser als Deel vun Google Analytics iwwerdroen g\u00ebtt, g\u00ebtt net mat anere Google Daten fusion\u00e9iert.<\/p>\r\n\r\n\r\n\r\n<p><strong>Browser Plugin<\/strong><br>Dir k\u00ebnnt d&#8217;Sp\u00e4ichere vu Cookien verh\u00ebnneren andeems Dir \u00c4re Browser Software deementspriechend setzt; Mir w\u00ebllen Iech awer drop hiweisen datt Dir an d\u00ebsem Fall, wann zoutreffend, net all Funktiounen vun d\u00ebser Webs\u00e4it voll benotze k\u00ebnnt. Dir k\u00ebnnt och verh\u00ebnneren datt Google d&#8217;Donn\u00e9e\u00ebn sammelt, d\u00e9i vum Cookie gener\u00e9iert ginn a verbonne mat \u00c4rer Benotzung vun der Webs\u00e4it (inklusiv \u00c4r IP Adress) an d\u00ebs Donn\u00e9e\u00eb vu Google ze veraarbecht andeems Dir de Browser Plug-in erofluet, deen \u00ebnner dem folgende Link verf\u00fcgbar ass an z&#8217;install\u00e9ieren:&nbsp;<a href=\"https:\/\/tools.google.com\/dlpage\/gaoptout?hl=de\" target=\"_blank\" rel=\"noreferrer noopener\">https:\/\/tools.google.com\/dlpage\/gaoptout?hl=de<\/a>.<\/p>\r\n\r\n\r\n\r\n<p><strong>Contestatioun g\u00e9int Datensammlung<\/strong><br>Dir k\u00ebnnt verh\u00ebnneren datt Google Analytics \u00c4r Donn\u00e9e\u00ebn sammelt andeems Dir op de folgende Link klickt. En Opt-Out-Cookie g\u00ebtt agestallt fir ze verh\u00ebnneren datt \u00c4r Donn\u00e9e\u00ebn op zuk\u00fcnfteg Besuche vun d\u00ebser Webs\u00e4it gesammelt ginn:&nbsp;<a href=\"javascript:gaOptout();\">Google Analytics auszeschalten<\/a>. Dir k\u00ebnnt m\u00e9i Informatiounen iwwer w\u00e9i Google Analytics Benotzerdaten handhabt an der Google Privatsph\u00e4r Politik fannen:&nbsp;<a href=\"https:\/\/support.google.com\/analytics\/answer\/6004245?hl=de\" target=\"_blank\" rel=\"noreferrer noopener\">https:\/\/support.google.com\/analytics\/answer\/6004245?hl=de<\/a>.<\/p>\r\n\r\n\r\n\r\n<p><strong>Uerdnung Daten Veraarbechtung<\/strong><br>Mir hunn en Bestellungsdatenveraarbechtungsvertrag mat Google ofgeschloss an d\u00e9i strikt Ufuerderunge vun den d\u00e4itschen Dateschutzautorit\u00e9iten komplett implement\u00e9ieren wann Dir Google Analytics benotzt.<\/p>\r\n\r\n\r\n\r\n<p><strong>Demographesch Charakteristiken an Google Analytics<\/strong><br>D\u00ebs Webs\u00e4it benotzt d&#8217;Funktioun &#171;demographesch Charakteristiken&#187; vu Google Analytics. D\u00ebst erlaabt Berichter ze kre\u00e9ieren d\u00e9i Aussoen iwwer den Alter, Geschlecht an Interesse vun de Sitebesucher enthalen. D\u00ebs Donn\u00e9e\u00eb kommen aus Interesse-bas\u00e9iert Reklammen vu Google a Besucherdaten vun Dr\u00ebtt-Partei Ubidder. D\u00ebs Donn\u00e9e\u00eb k\u00ebnnen net un eng spezifesch Persoun zougewisen ginn. Dir k\u00ebnnt d\u00ebs Funktioun zu all Moment iwwer d&#8217;Annonce-Astellungen an \u00c4rem Google Kont deaktiv\u00e9ieren oder allgemeng d&#8217;Sammlung vun \u00c4ren Donn\u00e9e\u00ebn duerch Google Analytics verbidden, w\u00e9i am Punkt &#171;Objekt g\u00e9int d&#8217;Datensammlung&#187; beschriwwen.<\/p>\r\n\r\n","protected":false},"excerpt":{"rendered":"<p>1. Dateschutz op ee Bl\u00e9ck Allgemeng Informatioun D\u00e9i folgend Notizen bidden en einfachen Iwwerbl\u00e9ck iwwer wat mat \u00c4re pers\u00e9inlechen Donn\u00e9e\u00eb geschitt wann Dir eis Webs\u00e4it besicht. Pers\u00e9inlech Donn\u00e9e\u00eb sinn all &#8230;<\/p>\n","protected":false},"author":1,"featured_media":0,"parent":0,"menu_order":0,"comment_status":"closed","ping_status":"closed","template":"","meta":{"footnotes":""},"class_list":["post-110","page","type-page","status-publish","hentry"],"yoast_head":"<!-- This site is optimized with the Yoast SEO plugin v27.5 - https:\/\/yoast.com\/product\/yoast-seo-wordpress\/ -->\n<title>Dateschutz<\/title>\n<meta name=\"description\" content=\"1. Dateschutz op ee Bl\u00e9ck Allgemeng Informatioun D\u00e9i folgend Notizen bidden en einfachen Iwwerbl\u00e9ck iwwer wat mat \u00c4re pers\u00e9inlechen Donn\u00e9e\u00eb geschitt wann Dir eis Webs\u00e4it besicht. Pers\u00e9inlech Donn\u00e9e\u00eb sinn all Daten mat deenen Dir pers\u00e9inlech identifiz\u00e9iert ka ginn. Detaill\u00e9iert Informatiounen zum Thema Dateschutz fannt Dir an eiser Dateschutzerkl\u00e4rung, d\u00e9i \u00ebnnert d\u00ebsem Text opgezielt ass. Datensammlung&hellip;\" \/>\n<meta name=\"robots\" content=\"noindex, follow\" \/>\n<meta property=\"og:locale\" content=\"de_DE\" \/>\n<meta property=\"og:type\" content=\"article\" \/>\n<meta property=\"og:title\" content=\"Dateschutz\" \/>\n<meta property=\"og:description\" content=\"1. Dateschutz op ee Bl\u00e9ck Allgemeng Informatioun D\u00e9i folgend Notizen bidden en einfachen Iwwerbl\u00e9ck iwwer wat mat \u00c4re pers\u00e9inlechen Donn\u00e9e\u00eb geschitt wann Dir eis Webs\u00e4it besicht. Pers\u00e9inlech Donn\u00e9e\u00eb sinn all Daten mat deenen Dir pers\u00e9inlech identifiz\u00e9iert ka ginn. Detaill\u00e9iert Informatiounen zum Thema Dateschutz fannt Dir an eiser Dateschutzerkl\u00e4rung, d\u00e9i \u00ebnnert d\u00ebsem Text opgezielt ass. Datensammlung&hellip;\" \/>\n<meta property=\"og:url\" content=\"https:\/\/www.zeitlos-vertrieb.de\/lb\/dateschutz\/\" \/>\n<meta property=\"og:site_name\" content=\"ZEITLOS\" \/>\n<meta property=\"article:modified_time\" content=\"2020-10-23T08:13:33+00:00\" \/>\n<meta name=\"twitter:card\" content=\"summary_large_image\" \/>\n<meta name=\"twitter:label1\" content=\"Gesch\u00e4tzte Lesezeit\" \/>\n\t<meta name=\"twitter:data1\" content=\"13\u00a0Minuten\" \/>\n<script type=\"application\/ld+json\" class=\"yoast-schema-graph\">{\"@context\":\"https:\\\/\\\/schema.org\",\"@graph\":[{\"@type\":\"WebPage\",\"@id\":\"https:\\\/\\\/www.zeitlos-vertrieb.de\\\/lb\\\/dateschutz\\\/\",\"url\":\"https:\\\/\\\/www.zeitlos-vertrieb.de\\\/lb\\\/dateschutz\\\/\",\"name\":\"ZEITLOS - Datenschutz\",\"isPartOf\":{\"@id\":\"https:\\\/\\\/www.zeitlos-vertrieb.de\\\/#website\"},\"datePublished\":\"2020-10-12T07:56:32+00:00\",\"dateModified\":\"2020-10-23T08:13:33+00:00\",\"description\":\"Zeitlos bietet als Outsourcing-Dienstleister im Logistik- und Fulfillmentbereich innovative L\u00f6sungen f\u00fcr alle Prozesse im After Sales Service.\",\"breadcrumb\":{\"@id\":\"https:\\\/\\\/www.zeitlos-vertrieb.de\\\/lb\\\/dateschutz\\\/#breadcrumb\"},\"inLanguage\":\"de-CH\",\"potentialAction\":[{\"@type\":\"ReadAction\",\"target\":[\"https:\\\/\\\/www.zeitlos-vertrieb.de\\\/lb\\\/dateschutz\\\/\"]}]},{\"@type\":\"BreadcrumbList\",\"@id\":\"https:\\\/\\\/www.zeitlos-vertrieb.de\\\/lb\\\/dateschutz\\\/#breadcrumb\",\"itemListElement\":[{\"@type\":\"ListItem\",\"position\":1,\"name\":\"Startseite\",\"item\":\"https:\\\/\\\/www.zeitlos-vertrieb.de\\\/\"},{\"@type\":\"ListItem\",\"position\":2,\"name\":\"Dateschutz\"}]},{\"@type\":\"WebSite\",\"@id\":\"https:\\\/\\\/www.zeitlos-vertrieb.de\\\/lb\\\/#website\",\"url\":\"https:\\\/\\\/www.zeitlos-vertrieb.de\\\/lb\\\/\",\"name\":\"ZEITLOS\",\"description\":\"Design- und Vertriebs GmbH\",\"publisher\":{\"@id\":\"https:\\\/\\\/www.zeitlos-vertrieb.de\\\/lb\\\/#organization\"},\"potentialAction\":[{\"@type\":\"SearchAction\",\"target\":{\"@type\":\"EntryPoint\",\"urlTemplate\":\"https:\\\/\\\/www.zeitlos-vertrieb.de\\\/lb\\\/?s={search_term_string}\"},\"query-input\":{\"@type\":\"PropertyValueSpecification\",\"valueRequired\":true,\"valueName\":\"search_term_string\"}}],\"inLanguage\":\"de-CH\"},{\"@type\":\"Organization\",\"@id\":\"https:\\\/\\\/www.zeitlos-vertrieb.de\\\/lb\\\/#organization\",\"name\":\"ZEITLOS Design- und Vertriebs GmbH\",\"url\":\"https:\\\/\\\/www.zeitlos-vertrieb.de\\\/lb\\\/\",\"logo\":{\"@type\":\"ImageObject\",\"inLanguage\":\"de-CH\",\"@id\":\"https:\\\/\\\/www.zeitlos-vertrieb.de\\\/lb\\\/#\\\/schema\\\/logo\\\/image\\\/\",\"url\":\"https:\\\/\\\/www.zeitlos-vertrieb.de\\\/wp-content\\\/uploads\\\/2020\\\/10\\\/Logo2.png\",\"contentUrl\":\"https:\\\/\\\/www.zeitlos-vertrieb.de\\\/wp-content\\\/uploads\\\/2020\\\/10\\\/Logo2.png\",\"width\":551,\"height\":154,\"caption\":\"ZEITLOS Design- und Vertriebs GmbH\"},\"image\":{\"@id\":\"https:\\\/\\\/www.zeitlos-vertrieb.de\\\/lb\\\/#\\\/schema\\\/logo\\\/image\\\/\"}}]}<\/script>\n<!-- \/ Yoast SEO plugin. -->","yoast_head_json":{"title":"Dateschutz","description":"1. Dateschutz op ee Bl\u00e9ck Allgemeng Informatioun D\u00e9i folgend Notizen bidden en einfachen Iwwerbl\u00e9ck iwwer wat mat \u00c4re pers\u00e9inlechen Donn\u00e9e\u00eb geschitt wann Dir eis Webs\u00e4it besicht. Pers\u00e9inlech Donn\u00e9e\u00eb sinn all Daten mat deenen Dir pers\u00e9inlech identifiz\u00e9iert ka ginn. Detaill\u00e9iert Informatiounen zum Thema Dateschutz fannt Dir an eiser Dateschutzerkl\u00e4rung, d\u00e9i \u00ebnnert d\u00ebsem Text opgezielt ass. Datensammlung&hellip;","robots":{"index":"noindex","follow":"follow"},"og_locale":"de_DE","og_type":"article","og_title":"Dateschutz","og_description":"1. Dateschutz op ee Bl\u00e9ck Allgemeng Informatioun D\u00e9i folgend Notizen bidden en einfachen Iwwerbl\u00e9ck iwwer wat mat \u00c4re pers\u00e9inlechen Donn\u00e9e\u00eb geschitt wann Dir eis Webs\u00e4it besicht. Pers\u00e9inlech Donn\u00e9e\u00eb sinn all Daten mat deenen Dir pers\u00e9inlech identifiz\u00e9iert ka ginn. Detaill\u00e9iert Informatiounen zum Thema Dateschutz fannt Dir an eiser Dateschutzerkl\u00e4rung, d\u00e9i \u00ebnnert d\u00ebsem Text opgezielt ass. Datensammlung&hellip;","og_url":"https:\/\/www.zeitlos-vertrieb.de\/lb\/dateschutz\/","og_site_name":"ZEITLOS","article_modified_time":"2020-10-23T08:13:33+00:00","twitter_card":"summary_large_image","twitter_misc":{"Gesch\u00e4tzte Lesezeit":"13\u00a0Minuten"},"schema":{"@context":"https:\/\/schema.org","@graph":[{"@type":"WebPage","@id":"https:\/\/www.zeitlos-vertrieb.de\/lb\/dateschutz\/","url":"https:\/\/www.zeitlos-vertrieb.de\/lb\/dateschutz\/","name":"ZEITLOS - Datenschutz","isPartOf":{"@id":"https:\/\/www.zeitlos-vertrieb.de\/#website"},"datePublished":"2020-10-12T07:56:32+00:00","dateModified":"2020-10-23T08:13:33+00:00","description":"Zeitlos bietet als Outsourcing-Dienstleister im Logistik- und Fulfillmentbereich innovative L\u00f6sungen f\u00fcr alle Prozesse im After Sales Service.","breadcrumb":{"@id":"https:\/\/www.zeitlos-vertrieb.de\/lb\/dateschutz\/#breadcrumb"},"inLanguage":"de-CH","potentialAction":[{"@type":"ReadAction","target":["https:\/\/www.zeitlos-vertrieb.de\/lb\/dateschutz\/"]}]},{"@type":"BreadcrumbList","@id":"https:\/\/www.zeitlos-vertrieb.de\/lb\/dateschutz\/#breadcrumb","itemListElement":[{"@type":"ListItem","position":1,"name":"Startseite","item":"https:\/\/www.zeitlos-vertrieb.de\/"},{"@type":"ListItem","position":2,"name":"Dateschutz"}]},{"@type":"WebSite","@id":"https:\/\/www.zeitlos-vertrieb.de\/lb\/#website","url":"https:\/\/www.zeitlos-vertrieb.de\/lb\/","name":"ZEITLOS","description":"Design- und Vertriebs GmbH","publisher":{"@id":"https:\/\/www.zeitlos-vertrieb.de\/lb\/#organization"},"potentialAction":[{"@type":"SearchAction","target":{"@type":"EntryPoint","urlTemplate":"https:\/\/www.zeitlos-vertrieb.de\/lb\/?s={search_term_string}"},"query-input":{"@type":"PropertyValueSpecification","valueRequired":true,"valueName":"search_term_string"}}],"inLanguage":"de-CH"},{"@type":"Organization","@id":"https:\/\/www.zeitlos-vertrieb.de\/lb\/#organization","name":"ZEITLOS Design- und Vertriebs GmbH","url":"https:\/\/www.zeitlos-vertrieb.de\/lb\/","logo":{"@type":"ImageObject","inLanguage":"de-CH","@id":"https:\/\/www.zeitlos-vertrieb.de\/lb\/#\/schema\/logo\/image\/","url":"https:\/\/www.zeitlos-vertrieb.de\/wp-content\/uploads\/2020\/10\/Logo2.png","contentUrl":"https:\/\/www.zeitlos-vertrieb.de\/wp-content\/uploads\/2020\/10\/Logo2.png","width":551,"height":154,"caption":"ZEITLOS Design- und Vertriebs GmbH"},"image":{"@id":"https:\/\/www.zeitlos-vertrieb.de\/lb\/#\/schema\/logo\/image\/"}}]}},"_links":{"self":[{"href":"https:\/\/www.zeitlos-vertrieb.de\/lb\/wp-json\/wp\/v2\/pages\/110","targetHints":{"allow":["GET"]}}],"collection":[{"href":"https:\/\/www.zeitlos-vertrieb.de\/lb\/wp-json\/wp\/v2\/pages"}],"about":[{"href":"https:\/\/www.zeitlos-vertrieb.de\/lb\/wp-json\/wp\/v2\/types\/page"}],"author":[{"embeddable":true,"href":"https:\/\/www.zeitlos-vertrieb.de\/lb\/wp-json\/wp\/v2\/users\/1"}],"replies":[{"embeddable":true,"href":"https:\/\/www.zeitlos-vertrieb.de\/lb\/wp-json\/wp\/v2\/comments?post=110"}],"version-history":[{"count":2,"href":"https:\/\/www.zeitlos-vertrieb.de\/lb\/wp-json\/wp\/v2\/pages\/110\/revisions"}],"predecessor-version":[{"id":180,"href":"https:\/\/www.zeitlos-vertrieb.de\/lb\/wp-json\/wp\/v2\/pages\/110\/revisions\/180"}],"wp:attachment":[{"href":"https:\/\/www.zeitlos-vertrieb.de\/lb\/wp-json\/wp\/v2\/media?parent=110"}],"curies":[{"name":"wp","href":"https:\/\/api.w.org\/{rel}","templated":true}]}}