{"id":110,"date":"2020-10-12T09:56:32","date_gmt":"2020-10-12T07:56:32","guid":{"rendered":"https:\/\/www2.zeitlos-vertrieb.de\/?page_id=110"},"modified":"2020-10-23T10:13:33","modified_gmt":"2020-10-23T08:13:33","slug":"datenschutz","status":"publish","type":"page","link":"https:\/\/www.zeitlos-vertrieb.de\/sv\/uppgiftsskydd\/","title":{"rendered":"Uppgiftsskydd"},"content":{"rendered":"\r\n<h2 class=\"wp-block-heading\">1. Dataskydd i korthet<\/h2>\r\n\r\n\r\n\r\n<h3 class=\"wp-block-heading\">Allm\u00e4nna anm\u00e4rkningar<\/h3>\r\n\r\n\r\n\r\n<p>F\u00f6ljande information ger en enkel \u00f6versikt \u00f6ver vad som h\u00e4nder med dina personuppgifter n\u00e4r du bes\u00f6ker v\u00e5r webbplats. Personuppgifter \u00e4r alla uppgifter som g\u00f6r det m\u00f6jligt att identifiera dig personligen. F\u00f6r detaljerad information om dataskydd h\u00e4nvisar vi till v\u00e5r integritetspolicy som finns under denna text.<\/p>\r\n\r\n\r\n\r\n<h3 class=\"wp-block-heading\">Datainsamling p\u00e5 v\u00e5r webbplats<\/h3>\r\n\r\n\r\n\r\n<p><strong>Vem \u00e4r ansvarig f\u00f6r datainsamlingen p\u00e5 denna webbplats?<\/strong><br>Databehandlingen p\u00e5 denna webbplats utf\u00f6rs av webbplatsoperat\u00f6ren. Du hittar hans kontaktuppgifter i avtrycket p\u00e5 denna webbplats.<\/p>\r\n\r\n\r\n\r\n<p><strong>Hur samlar vi in dina uppgifter?<\/strong><br>\u00c5 ena sidan samlas dina uppgifter in n\u00e4r du l\u00e4mnar dem till oss. Det kan t.ex. vara uppgifter som du anger i ett kontaktformul\u00e4r.<\/p>\r\n\r\n\r\n\r\n<p>Andra uppgifter samlas in automatiskt av v\u00e5ra IT-system n\u00e4r du bes\u00f6ker webbplatsen. Det r\u00f6r sig fr\u00e4mst om tekniska uppgifter (t.ex. webbl\u00e4sare, operativsystem eller tid f\u00f6r sidvisning). Dessa uppgifter samlas in automatiskt s\u00e5 snart du bes\u00f6ker v\u00e5r webbplats.<\/p>\r\n\r\n\r\n\r\n<p><strong>Vad anv\u00e4nder vi dina uppgifter till?<\/strong><br>En del av uppgifterna samlas in f\u00f6r att s\u00e4kerst\u00e4lla att webbplatsen fungerar felfritt. Andra uppgifter kan anv\u00e4ndas f\u00f6r att analysera ditt anv\u00e4ndarbeteende.<\/p>\r\n\r\n\r\n\r\n<p><strong>Vilka r\u00e4ttigheter har du n\u00e4r det g\u00e4ller dina uppgifter?<\/strong><br>Du har r\u00e4tt att n\u00e4r som helst kostnadsfritt f\u00e5 information om ursprung, mottagare och syfte med dina lagrade personuppgifter. Du har ocks\u00e5 r\u00e4tt att beg\u00e4ra korrigering, blockering eller radering av dessa uppgifter. Du kan n\u00e4r som helst kontakta oss p\u00e5 den adress som anges i avtrycket f\u00f6r detta \u00e4ndam\u00e5l och f\u00f6r ytterligare fr\u00e5gor om \u00e4mnet dataskydd. Dessutom har du r\u00e4tt att l\u00e4mna in ett klagom\u00e5l till den beh\u00f6riga tillsynsmyndigheten.<\/p>\r\n\r\n\r\n\r\n<h3 class=\"wp-block-heading\">Analysverktyg och verktyg fr\u00e5n tredje part<\/h3>\r\n\r\n\r\n\r\n<p>N\u00e4r du bes\u00f6ker v\u00e5r webbplats kan ditt surfbeteende utv\u00e4rderas statistiskt. Detta sker fr\u00e4mst med hj\u00e4lp av cookies och s\u00e5 kallade analysprogram. Analysen av ditt surfbeteende \u00e4r vanligtvis anonym; surfbeteendet kan inte sp\u00e5ras tillbaka till dig. Du kan inv\u00e4nda mot denna analys eller f\u00f6rhindra den genom att inte anv\u00e4nda vissa verktyg. Detaljerad information om detta hittar du i f\u00f6ljande dataskyddsdeklaration. Du kan inv\u00e4nda mot denna analys. Vi kommer att informera dig om inv\u00e4ndningsalternativen i denna dataskyddsdeklaration.<\/p>\r\n\r\n\r\n\r\n<h2 class=\"wp-block-heading\">2. Allm\u00e4nna anm\u00e4rkningar och obligatorisk information<\/h2>\r\n\r\n\r\n\r\n<h3 class=\"wp-block-heading\">Skydd av personuppgifter<\/h3>\r\n\r\n\r\n\r\n<p>Operat\u00f6rerna av dessa sidor tar skyddet av dina personuppgifter p\u00e5 st\u00f6rsta allvar. Vi behandlar dina personuppgifter konfidentiellt och i enlighet med de lagstadgade dataskyddsbest\u00e4mmelserna och denna dataskyddsdeklaration.<\/p>\r\n\r\n\r\n\r\n<p>N\u00e4r du anv\u00e4nder denna webbplats samlas olika personuppgifter in. Personuppgifter \u00e4r uppgifter som kan anv\u00e4ndas f\u00f6r att identifiera dig personligen. Denna integritetspolicy f\u00f6rklarar vilka uppgifter vi samlar in och vad vi anv\u00e4nder dem till. Den f\u00f6rklarar ocks\u00e5 hur och i vilket syfte detta g\u00f6rs.<\/p>\r\n\r\n\r\n\r\n<p>Vi vill p\u00e5peka att data\u00f6verf\u00f6ring p\u00e5 Internet (t.ex. kommunikation via e-post) kan ha s\u00e4kerhetsluckor. Ett fullst\u00e4ndigt skydd av uppgifterna mot \u00e5tkomst fr\u00e5n tredje part \u00e4r inte m\u00f6jligt.<\/p>\r\n\r\n\r\n\r\n<h3 class=\"wp-block-heading\">Anm\u00e4rkning om det ansvariga organet<\/h3>\r\n\r\n\r\n\r\n<p>Personuppgiftsansvarig f\u00f6r denna webbplats \u00e4r:<\/p>\r\n\r\n\r\n\r\n<p>zeitlos design + vertriebs GmbH<br>Nachtwaid 6<br>79206 Breisach<\/p>\r\n\r\n\r\n\r\n<p>Telefon: 01805-003601<br>E-Mail: info@zeitlos-vertrieb.de<\/p>\r\n\r\n\r\n\r\n<p>Personuppgiftsansvarig \u00e4r den fysiska eller juridiska person som ensam eller tillsammans med andra best\u00e4mmer \u00e4ndam\u00e5len och medlen f\u00f6r behandlingen av personuppgifter (t.ex. namn, e-postadresser, etc.).<\/p>\r\n\r\n\r\n\r\n<h3 class=\"wp-block-heading\">\u00c5terkallande av ditt samtycke till databehandling<\/h3>\r\n\r\n\r\n\r\n<p>M\u00e5nga databehandlings\u00e5tg\u00e4rder \u00e4r endast m\u00f6jliga med ditt uttryckliga samtycke. Du kan n\u00e4r som helst \u00e5terkalla ett samtycke som du redan har gett. F\u00f6r detta \u00e4ndam\u00e5l r\u00e4cker det med ett informellt meddelande via e-post till oss. Lagligheten i den databehandling som utf\u00f6rts fram till \u00e5terkallelsen p\u00e5verkas inte av \u00e5terkallelsen.<\/p>\r\n\r\n\r\n\r\n<h3 class=\"wp-block-heading\">R\u00e4tt att \u00f6verklaga till beh\u00f6rig tillsynsmyndighet<\/h3>\r\n\r\n\r\n\r\n<p>I h\u00e4ndelse av \u00f6vertr\u00e4delser av dataskyddslagen har den ber\u00f6rda personen r\u00e4tt att l\u00e4mna in ett klagom\u00e5l till den beh\u00f6riga tillsynsmyndigheten. Den beh\u00f6riga tillsynsmyndigheten f\u00f6r dataskyddsfr\u00e5gor \u00e4r den statliga dataskyddskommission\u00e4ren i den federala stat d\u00e4r v\u00e5rt f\u00f6retag \u00e4r baserat. En lista \u00f6ver dataskyddsombud och deras kontaktuppgifter finns p\u00e5 f\u00f6ljande l\u00e4nk:&nbsp;<a href=\"https:\/\/www.bfdi.bund.de\/DE\/Infothek\/Anschriften_Links\/anschriften_links-node.html\" target=\"_blank\" rel=\"noreferrer noopener\">https:\/\/www.bfdi.bund.de\/DE\/Infothek\/Anschriften_Links\/anschriften_links-node.html<\/a>.<\/p>\r\n\r\n\r\n\r\n<h3 class=\"wp-block-heading\">R\u00e4tt till dataportabilitet<\/h3>\r\n\r\n\r\n\r\n<p>Du har r\u00e4tt att f\u00e5 uppgifter som vi behandlar automatiskt p\u00e5 grundval av ditt samtycke eller f\u00f6r att fullg\u00f6ra ett avtal \u00f6verl\u00e4mnade till dig eller till en tredje part i ett vanligt, maskinl\u00e4sbart format. Om du beg\u00e4r direkt \u00f6verf\u00f6ring av uppgifterna till en annan registeransvarig kommer detta endast att ske i den m\u00e5n det \u00e4r tekniskt genomf\u00f6rbart.<\/p>\r\n\r\n\r\n\r\n<h3 class=\"wp-block-heading\">SSL- eller TLS-kryptering<\/h3>\r\n\r\n\r\n\r\n<p>Av s\u00e4kerhetssk\u00e4l och f\u00f6r att skydda \u00f6verf\u00f6ringen av konfidentiellt inneh\u00e5ll, t.ex. best\u00e4llningar eller f\u00f6rfr\u00e5gningar som du skickar till oss som webbplatsoperat\u00f6r, anv\u00e4nder denna webbplats SSL- eller TLS-kryptering. Du k\u00e4nner igen en krypterad anslutning genom att adressraden i webbl\u00e4saren \u00e4ndras fr\u00e5n &#8221;http:\/\/&#8221; till &#8221;https:\/\/&#8221; och genom l\u00e5ssymbolen i din webbl\u00e4sarrad.<\/p>\r\n\r\n\r\n\r\n<p>Om SSL- eller TLS-kryptering \u00e4r aktiverad kan de uppgifter som du \u00f6verf\u00f6r till oss inte l\u00e4sas av tredje part.<\/p>\r\n\r\n\r\n\r\n<h3 class=\"wp-block-heading\">Krypterade betalningstransaktioner p\u00e5 denna webbplats<\/h3>\r\n\r\n\r\n\r\n<p>Om det efter ing\u00e5endet av ett avtal med kostnader finns en skyldighet att tillhandah\u00e5lla oss dina betalningsuppgifter (t.ex. kontonummer vid autogiromedgivande), kr\u00e4vs dessa uppgifter f\u00f6r behandlingen av betalningar.<\/p>\r\n\r\n\r\n\r\n<p>Betalningstransaktioner via de vanliga betalningsmedlen (Visa\/MasterCard, autogiro) sker uteslutande via en krypterad SSL- eller TLS-anslutning. Du k\u00e4nner igen en krypterad anslutning genom att adressraden i webbl\u00e4saren \u00e4ndras fr\u00e5n &#8221;http:\/\/&#8221; till &#8221;https:\/\/&#8221; och genom l\u00e5ssymbolen i din webbl\u00e4sarrad.<\/p>\r\n\r\n\r\n\r\n<p>Med krypterad kommunikation kan dina betalningsuppgifter som du \u00f6verf\u00f6r till oss inte l\u00e4sas av tredje part.<\/p>\r\n\r\n\r\n\r\n<h3 class=\"wp-block-heading\">Information, blockering, radering<\/h3>\r\n\r\n\r\n\r\n<p>Inom ramen f\u00f6r till\u00e4mpliga r\u00e4ttsliga best\u00e4mmelser har du r\u00e4tt att n\u00e4r som helst f\u00e5 gratis information om dina lagrade personuppgifter, deras ursprung och mottagare och syftet med databehandlingen och, om till\u00e4mpligt, en r\u00e4tt till korrigering, blockering eller radering av dessa uppgifter. F\u00f6r detta \u00e4ndam\u00e5l och f\u00f6r ytterligare fr\u00e5gor om personuppgifter kan du n\u00e4r som helst kontakta oss p\u00e5 den adress som anges i avtrycket.<\/p>\r\n\r\n\r\n\r\n<h3 class=\"wp-block-heading\">Inv\u00e4ndning mot reklam via e-post<\/h3>\r\n\r\n\r\n\r\n<p>Anv\u00e4ndningen av kontaktuppgifter som publiceras inom ramen f\u00f6r impressumskyldigheten f\u00f6r att skicka reklam och informationsmaterial som inte uttryckligen har beg\u00e4rts \u00e4r h\u00e4rmed f\u00f6rbjuden. Operat\u00f6rerna av sidorna f\u00f6rbeh\u00e5ller sig uttryckligen r\u00e4tten att vidta r\u00e4ttsliga \u00e5tg\u00e4rder i h\u00e4ndelse av o\u00f6nskad s\u00e4ndning av reklaminformation, till exempel skr\u00e4ppost.<\/p>\r\n\r\n\r\n\r\n<h2 class=\"wp-block-heading\">3. Datainsamling p\u00e5 v\u00e5r webbplats<\/h2>\r\n\r\n\r\n\r\n<h3 class=\"wp-block-heading\">Cookies<\/h3>\r\n\r\n\r\n\r\n<p>Vissa av v\u00e5ra webbsidor anv\u00e4nder s\u00e5 kallade cookies. Cookies orsakar ingen skada p\u00e5 din dator och inneh\u00e5ller inga virus. Cookies tj\u00e4nar till att g\u00f6ra v\u00e5rt erbjudande mer anv\u00e4ndarv\u00e4nligt, effektivt och s\u00e4kert. Cookies \u00e4r sm\u00e5 textfiler som lagras p\u00e5 din dator och sparas av din webbl\u00e4sare.<\/p>\r\n\r\n\r\n\r\n<p>De flesta av de cookies vi anv\u00e4nder \u00e4r s\u00e5 kallade &#8221;session cookies&#8221;. De raderas automatiskt i slutet av ditt bes\u00f6k. Andra cookies lagras p\u00e5 din terminalenhet tills du raderar dem. Dessa cookies g\u00f6r det m\u00f6jligt f\u00f6r oss att k\u00e4nna igen din webbl\u00e4sare vid ditt n\u00e4sta bes\u00f6k.<\/p>\r\n\r\n\r\n\r\n<p>Du kan st\u00e4lla in din webbl\u00e4sare s\u00e5 att du informeras om inst\u00e4llningen av cookies och endast till\u00e5ta cookies i enskilda fall, utesluta godk\u00e4nnande av cookies f\u00f6r vissa fall eller i allm\u00e4nhet och aktivera automatisk radering av cookies n\u00e4r du st\u00e4nger webbl\u00e4saren. Om du avaktiverar cookies kan funktionaliteten p\u00e5 denna webbplats vara begr\u00e4nsad.<\/p>\r\n\r\n\r\n\r\n<p>Cookies som kr\u00e4vs f\u00f6r att genomf\u00f6ra den elektroniska kommunikationsprocessen eller f\u00f6r att tillhandah\u00e5lla vissa funktioner som du har beg\u00e4rt (t.ex. kundvagnsfunktion) lagras p\u00e5 grundval av art. 6 (1) lit. f DSGVO. Webbplatsoperat\u00f6ren har ett ber\u00e4ttigat intresse av att lagra cookies f\u00f6r ett tekniskt felfritt och optimerat tillhandah\u00e5llande av sina tj\u00e4nster. I den m\u00e5n andra cookies (t.ex. cookies f\u00f6r att analysera ditt surfbeteende) lagras, behandlas dessa separat i denna dataskyddsdeklaration.<\/p>\r\n\r\n\r\n\r\n<h3 class=\"wp-block-heading\">Serverns loggfiler<\/h3>\r\n\r\n\r\n\r\n<p>Leverant\u00f6ren av sidorna samlar automatiskt in och lagrar information i s\u00e5 kallade serverloggfiler, som din webbl\u00e4sare automatiskt \u00f6verf\u00f6r till oss. Dessa \u00e4r:<\/p>\r\n\r\n\r\n\r\n<ul class=\"wp-block-list\"><li>Typ och version av webbl\u00e4sare<\/li><li>Operativsystem som anv\u00e4nds<\/li><li>H\u00e4nvisande URL<\/li><li>V\u00e4rdnamn f\u00f6r \u00e5tkomstdatorn<\/li><li>Tidpunkt f\u00f6r serverf\u00f6rfr\u00e5gan<\/li><li>IP-adress<\/li><\/ul>\r\n\r\n\r\n\r\n<p>Dessa data sl\u00e5s inte samman med andra datak\u00e4llor.<\/p>\r\n\r\n\r\n\r\n<p>Insamlingen av dessa uppgifter baseras p\u00e5 art. 6 para. 1 lit. f DSGVO. Webbplatsoperat\u00f6ren har ett legitimt intresse av en tekniskt felfri presentation och optimering av sin webbplats &#8211; f\u00f6r detta \u00e4ndam\u00e5l m\u00e5ste serverloggfilerna samlas in.<\/p>\r\n\r\n\r\n\r\n<h3 class=\"wp-block-heading\">Kontaktformul\u00e4r<\/h3>\r\n\r\n\r\n\r\n<p>Om du skickar f\u00f6rfr\u00e5gningar till oss via kontaktformul\u00e4ret kommer dina uppgifter fr\u00e5n f\u00f6rfr\u00e5gningsformul\u00e4ret, inklusive de kontaktuppgifter du anger d\u00e4r, att lagras av oss i syfte att behandla f\u00f6rfr\u00e5gan och i h\u00e4ndelse av uppf\u00f6ljningsfr\u00e5gor. Vi vidarebefordrar inte dessa uppgifter utan ditt samtycke.<\/p>\r\n\r\n\r\n\r\n<p>Behandlingen av de uppgifter som anges i kontaktformul\u00e4ret baseras d\u00e4rf\u00f6r uteslutande p\u00e5 ditt samtycke (art. 6 para. 1 lit. a DSGVO). Du kan n\u00e4r som helst \u00e5terkalla detta samtycke. F\u00f6r detta \u00e4ndam\u00e5l \u00e4r en informell kommunikation via e-post till oss tillr\u00e4cklig. Lagligheten av den databehandling som utf\u00f6rts fram till \u00e5terkallelsen p\u00e5verkas inte av \u00e5terkallelsen.<\/p>\r\n\r\n\r\n\r\n<p>De uppgifter som du anger i kontaktformul\u00e4ret kommer att finnas kvar hos oss tills du beg\u00e4r att vi raderar dem, \u00e5terkallar ditt samtycke till att lagra dem eller syftet med att lagra uppgifterna inte l\u00e4ngre g\u00e4ller (t.ex. efter att vi har slutf\u00f6rt behandlingen av din f\u00f6rfr\u00e5gan). Obligatoriska r\u00e4ttsliga best\u00e4mmelser &#8211; i synnerhet lagringstider &#8211; f\u00f6rblir op\u00e5verkade.<\/p>\r\n\r\n\r\n\r\n<h3 class=\"wp-block-heading\">Registrering p\u00e5 denna webbplats<\/h3>\r\n\r\n\r\n\r\n<p>Du kan registrera dig p\u00e5 v\u00e5r webbplats f\u00f6r att anv\u00e4nda ytterligare funktioner p\u00e5 webbplatsen. Vi anv\u00e4nder de uppgifter som anges f\u00f6r detta \u00e4ndam\u00e5l endast f\u00f6r att anv\u00e4nda respektive erbjudande eller tj\u00e4nst som du har registrerat dig f\u00f6r. Den obligatoriska information som beg\u00e4rs under registreringen m\u00e5ste tillhandah\u00e5llas i sin helhet. I annat fall kommer vi att avvisa registreringen.<\/p>\r\n\r\n\r\n\r\n<p>F\u00f6r viktiga \u00e4ndringar, till exempel i erbjudandets omfattning eller vid tekniskt n\u00f6dv\u00e4ndiga \u00e4ndringar, anv\u00e4nder vi den e-postadress som anges vid registreringen f\u00f6r att informera dig p\u00e5 detta s\u00e4tt.<\/p>\r\n\r\n\r\n\r\n<p>Behandlingen av de uppgifter som anges vid registreringen baseras p\u00e5 ditt samtycke (art. 6.1 a DSGVO). Du kan n\u00e4r som helst \u00e5terkalla ditt samtycke. F\u00f6r detta \u00e4ndam\u00e5l r\u00e4cker det med ett informellt meddelande via e-post till oss. Lagligheten i den databehandling som redan har utf\u00f6rts p\u00e5verkas inte av \u00e5terkallelsen.<\/p>\r\n\r\n\r\n\r\n<p>De uppgifter som samlas in under registreringen lagras av oss s\u00e5 l\u00e4nge du \u00e4r registrerad p\u00e5 v\u00e5r webbplats och raderas sedan. Lagstadgade lagringstider p\u00e5verkas inte.<\/p>\r\n\r\n\r\n\r\n<h3 class=\"wp-block-heading\">Kommentarfunktion p\u00e5 denna webbplats<\/h3>\r\n\r\n\r\n\r\n<p>F\u00f6r kommentarsfunktionen p\u00e5 denna sida lagras, f\u00f6rutom din kommentar, uppgifter om n\u00e4r kommentaren skapades, din e-postadress och, om du inte skriver anonymt, det anv\u00e4ndarnamn du har valt.<\/p>\r\n\r\n\r\n\r\n<p><strong>Lagring av IP-adress<\/strong><br>V\u00e5r kommentarsfunktion lagrar IP-adresserna f\u00f6r de anv\u00e4ndare som skriver kommentarer. Eftersom vi inte kontrollerar kommentarer p\u00e5 v\u00e5r webbplats innan de aktiveras, beh\u00f6ver vi dessa uppgifter f\u00f6r att kunna vidta \u00e5tg\u00e4rder mot f\u00f6rfattaren i h\u00e4ndelse av lag\u00f6vertr\u00e4delser som f\u00f6rol\u00e4mpningar eller propaganda.<\/p>\r\n\r\n\r\n\r\n<p><strong>Lagringstid f\u00f6r kommentarerna<\/strong><br>Kommentarerna och tillh\u00f6rande data (t.ex. IP-adress) lagras och finns kvar p\u00e5 v\u00e5r webbplats tills det kommenterade inneh\u00e5llet har raderats helt eller kommentarerna m\u00e5ste raderas av juridiska sk\u00e4l (t.ex. st\u00f6tande kommentarer).<\/p>\r\n\r\n\r\n\r\n<p><strong>R\u00e4ttslig grund<\/strong><br>Lagringen av kommentarer baseras p\u00e5 ditt samtycke (art. 6 para. 1 lit. a DSGVO). Du kan n\u00e4r som helst \u00e5terkalla ditt samtycke. F\u00f6r detta \u00e4ndam\u00e5l r\u00e4cker det med ett informellt meddelande via e-post till oss. Lagligheten hos den databehandling som redan har utf\u00f6rts p\u00e5verkas inte av \u00e5terkallelsen.<\/p>\r\n\r\n\r\n\r\n<h3 class=\"wp-block-heading\">Behandling av uppgifter (kund- och avtalsuppgifter)<\/h3>\r\n\r\n\r\n\r\n<p>Vi samlar in, behandlar och anv\u00e4nder personuppgifter endast i den utstr\u00e4ckning som de \u00e4r n\u00f6dv\u00e4ndiga f\u00f6r att uppr\u00e4tta, inneh\u00e5ll eller \u00e4ndra det r\u00e4ttsliga f\u00f6rh\u00e5llandet (inventeringsdata). Detta sker p\u00e5 grundval av artikel 6.1 b DSGVO, som till\u00e5ter behandling av uppgifter f\u00f6r att fullg\u00f6ra ett avtal eller \u00e5tg\u00e4rder f\u00f6re avtalets ing\u00e5ende. Vi samlar in, bearbetar och anv\u00e4nder personuppgifter om anv\u00e4ndningen av v\u00e5ra webbsidor (anv\u00e4ndningsdata) endast i den m\u00e5n detta \u00e4r n\u00f6dv\u00e4ndigt f\u00f6r att anv\u00e4ndaren ska kunna anv\u00e4nda tj\u00e4nsten eller f\u00f6r att fakturera anv\u00e4ndaren.<\/p>\r\n\r\n\r\n\r\n<p>De insamlade kunduppgifterna raderas n\u00e4r best\u00e4llningen har slutf\u00f6rts eller aff\u00e4rsrelationen har avslutats. Lagstadgade lagringstider p\u00e5verkas inte.<\/p>\r\n\r\n\r\n\r\n<h3 class=\"wp-block-heading\">Data\u00f6verf\u00f6ring vid ing\u00e5ende av avtal f\u00f6r onlinebutiker, handlare och avs\u00e4ndande av varor<\/h3>\r\n\r\n\r\n\r\n<p>Vi \u00f6verf\u00f6r endast personuppgifter till tredje part om detta \u00e4r n\u00f6dv\u00e4ndigt f\u00f6r att fullg\u00f6ra avtalet, t.ex. till de f\u00f6retag som ansvarar f\u00f6r leveransen av varorna eller det kreditinstitut som har i uppdrag att hantera betalningen. Ytterligare \u00f6verf\u00f6ring av uppgifter sker inte eller endast om du uttryckligen har samtyckt till \u00f6verf\u00f6ringen. Dina uppgifter kommer inte att vidarebefordras till tredje part utan ditt uttryckliga samtycke, till exempel f\u00f6r reklam\u00e4ndam\u00e5l.<\/p>\r\n\r\n\r\n\r\n<p>Grunden f\u00f6r databehandling \u00e4r artikel 6.1 b DSGVO, som till\u00e5ter behandling av uppgifter f\u00f6r att fullg\u00f6ra ett avtal eller \u00e5tg\u00e4rder f\u00f6re avtalets ing\u00e5ende.<\/p>\r\n\r\n\r\n\r\n<h3 class=\"wp-block-heading\">Data\u00f6verf\u00f6ring vid ing\u00e5ende av ett avtal om tj\u00e4nster och digitalt inneh\u00e5ll<\/h3>\r\n\r\n\r\n\r\n<p>Vi \u00f6verf\u00f6r endast personuppgifter till tredje part om detta \u00e4r n\u00f6dv\u00e4ndigt f\u00f6r att fullg\u00f6ra avtalet, t.ex. till det kreditinstitut som har f\u00e5tt i uppdrag att hantera betalningar.<\/p>\r\n\r\n\r\n\r\n<p>N\u00e5gon ytterligare \u00f6verf\u00f6ring av uppgifter kommer inte att ske eller endast om du uttryckligen har samtyckt till \u00f6verf\u00f6ringen. Dina uppgifter kommer inte att vidarebefordras till tredje part utan ditt uttryckliga samtycke, till exempel f\u00f6r reklam\u00e4ndam\u00e5l.<\/p>\r\n\r\n\r\n\r\n<p>Grunden f\u00f6r databehandling \u00e4r artikel 6.1 b DSGVO, som till\u00e5ter behandling av uppgifter f\u00f6r att fullg\u00f6ra ett avtal eller \u00e5tg\u00e4rder f\u00f6re avtalets ing\u00e5ende.<\/p>\r\n\r\n\r\n\r\n<h2 class=\"wp-block-heading\">4. Analysverktyg och reklam<\/h2>\r\n\r\n\r\n\r\n<h3 class=\"wp-block-heading\">Google Analytics<\/h3>\r\n\r\n\r\n\r\n<p>Denna webbplats anv\u00e4nder funktioner fr\u00e5n webbanalystj\u00e4nsten Google Analytics. Leverant\u00f6r \u00e4r Google Inc, 1600 Amphitheatre Parkway, Mountain View, CA 94043, USA.<\/p>\r\n\r\n\r\n\r\n<p>Google Analytics anv\u00e4nder s\u00e5 kallade &#8221;cookies&#8221;. Dessa \u00e4r textfiler som lagras p\u00e5 din dator och m\u00f6jligg\u00f6r en analys av din anv\u00e4ndning av webbplatsen. Den information som genereras av cookien om din anv\u00e4ndning av denna webbplats \u00f6verf\u00f6rs vanligtvis till en Google-server i USA och lagras d\u00e4r.<\/p>\r\n\r\n\r\n\r\n<p>Google Analytics-cookies lagras p\u00e5 grundval av artikel 6.1 lit. f i DSGVO. Webbplatsoperat\u00f6ren har ett ber\u00e4ttigat intresse av att analysera anv\u00e4ndarnas beteende f\u00f6r att optimera b\u00e5de sin webbplats och sin reklam.<\/p>\r\n\r\n\r\n\r\n<p><strong>IP-anonymisering<\/strong><br>Vi har aktiverat IP-anonymiseringsfunktionen p\u00e5 denna webbplats. Detta inneb\u00e4r att din IP-adress f\u00f6rkortas av Google inom medlemsstaterna i Europeiska unionen eller i andra avtalsslutande stater i avtalet om Europeiska ekonomiska samarbetsomr\u00e5det innan den \u00f6verf\u00f6rs till USA. Endast i undantagsfall kommer den fullst\u00e4ndiga IP-adressen att \u00f6verf\u00f6ras till en Google-server i USA och f\u00f6rkortas d\u00e4r. P\u00e5 uppdrag av operat\u00f6ren av denna webbplats kommer Google att anv\u00e4nda denna information i syfte att utv\u00e4rdera din anv\u00e4ndning av webbplatsen, sammanst\u00e4lla rapporter om webbplatsaktivitet och tillhandah\u00e5lla andra tj\u00e4nster relaterade till webbplatsaktivitet och internetanv\u00e4ndning till webbplatsoperat\u00f6ren. Den IP-adress som \u00f6verf\u00f6rs av din webbl\u00e4sare som en del av Google Analytics kommer inte att sl\u00e5s samman med andra Google-data.<\/p>\r\n\r\n\r\n\r\n<p><strong>Browser Plugin<\/strong><br>Du kan neka anv\u00e4ndningen av cookies genom att v\u00e4lja l\u00e4mpliga inst\u00e4llningar i din webbl\u00e4sare, men observera att om du g\u00f6r detta kanske du inte kan anv\u00e4nda alla funktioner p\u00e5 denna webbplats. Dessutom kan du f\u00f6rhindra insamling av de uppgifter som genereras av kakan och som \u00e4r relaterade till din anv\u00e4ndning av webbplatsen (inkl. din IP-adress) till Google samt behandlingen av dessa uppgifter av Google genom att ladda ner och installera webbl\u00e4sarplugin som finns tillg\u00e4ngligt under f\u00f6ljande l\u00e4nk:&nbsp;<a href=\"https:\/\/tools.google.com\/dlpage\/gaoptout?hl=de\" target=\"_blank\" rel=\"noreferrer noopener\">https:\/\/tools.google.com\/dlpage\/gaoptout?hl=de<\/a>.<\/p>\r\n\r\n\r\n\r\n<p><strong>Inv\u00e4ndning mot datainsamling<\/strong><br>Du kan f\u00f6rhindra att Google Analytics samlar in dina uppgifter genom att klicka p\u00e5 f\u00f6ljande l\u00e4nk. En opt-out-cookie kommer att st\u00e4llas in, vilket kommer att f\u00f6rhindra insamling av dina uppgifter vid framtida bes\u00f6k p\u00e5 denna webbplats:&nbsp;<a href=\"javascript:gaOptout();\">Avaktivera Google Analytics<\/a>. Mer information om hur Google Analytics hanterar anv\u00e4ndardata hittar du i Googles sekretesspolicy:&nbsp;<a href=\"https:\/\/support.google.com\/analytics\/answer\/6004245?hl=de\" target=\"_blank\" rel=\"noreferrer noopener\">https:\/\/support.google.com\/analytics\/answer\/6004245?hl=de<\/a>.<\/p>\r\n\r\n\r\n\r\n<p><strong>Behandling av orderdata<\/strong><br>Vi har ing\u00e5tt ett avtal med Google om behandling av orderdata och uppfyller de tyska dataskyddsmyndigheternas strikta krav n\u00e4r vi anv\u00e4nder Google Analytics.<\/p>\r\n\r\n\r\n\r\n<p><strong>Demografiska egenskaper i Google Analytics<\/strong><br>Denna webbplats anv\u00e4nder funktionen &#8221;demografiska egenskaper&#8221; i Google Analytics. Detta g\u00f6r det m\u00f6jligt att generera rapporter som inneh\u00e5ller uttalanden om \u00e5lder, k\u00f6n och intressen f\u00f6r bes\u00f6kare p\u00e5 webbplatsen. Dessa data kommer fr\u00e5n intressebaserad reklam fr\u00e5n Google samt bes\u00f6ksdata fr\u00e5n tredjepartsleverant\u00f6rer. Dessa uppgifter kan inte h\u00e4nf\u00f6ras till en viss person. Du kan n\u00e4r som helst avaktivera denna funktion via annonsinst\u00e4llningarna i ditt Google-konto eller generellt f\u00f6rbjuda insamling av dina uppgifter av Google Analytics enligt vad som visas i punkten &#8221;Inv\u00e4ndning mot datainsamling&#8221;.<\/p>\r\n\r\n","protected":false},"excerpt":{"rendered":"<p>1. Dataskydd i korthet Allm\u00e4nna anm\u00e4rkningar F\u00f6ljande information ger en enkel \u00f6versikt \u00f6ver vad som h\u00e4nder med dina personuppgifter n\u00e4r du bes\u00f6ker v\u00e5r webbplats. Personuppgifter \u00e4r alla uppgifter som g\u00f6r &#8230;<\/p>\n","protected":false},"author":1,"featured_media":0,"parent":0,"menu_order":0,"comment_status":"closed","ping_status":"closed","template":"","meta":{"footnotes":""},"class_list":["post-110","page","type-page","status-publish","hentry"],"yoast_head":"<!-- This site is optimized with the Yoast SEO plugin v27.5 - https:\/\/yoast.com\/product\/yoast-seo-wordpress\/ -->\n<title>Uppgiftsskydd<\/title>\n<meta name=\"description\" content=\"1. Dataskydd i korthet Allm\u00e4nna anm\u00e4rkningar F\u00f6ljande information ger en enkel \u00f6versikt \u00f6ver vad som h\u00e4nder med dina personuppgifter n\u00e4r du bes\u00f6ker v\u00e5r webbplats. Personuppgifter \u00e4r alla uppgifter som g\u00f6r det m\u00f6jligt att identifiera dig personligen. F\u00f6r detaljerad information om dataskydd h\u00e4nvisar vi till v\u00e5r integritetspolicy som finns under denna text. Datainsamling p\u00e5 v\u00e5r webbplats&hellip;\" \/>\n<meta name=\"robots\" content=\"noindex, follow\" \/>\n<meta property=\"og:locale\" content=\"sv_SE\" \/>\n<meta property=\"og:type\" content=\"article\" \/>\n<meta property=\"og:title\" content=\"Uppgiftsskydd\" \/>\n<meta property=\"og:description\" content=\"1. Dataskydd i korthet Allm\u00e4nna anm\u00e4rkningar F\u00f6ljande information ger en enkel \u00f6versikt \u00f6ver vad som h\u00e4nder med dina personuppgifter n\u00e4r du bes\u00f6ker v\u00e5r webbplats. Personuppgifter \u00e4r alla uppgifter som g\u00f6r det m\u00f6jligt att identifiera dig personligen. F\u00f6r detaljerad information om dataskydd h\u00e4nvisar vi till v\u00e5r integritetspolicy som finns under denna text. Datainsamling p\u00e5 v\u00e5r webbplats&hellip;\" \/>\n<meta property=\"og:url\" content=\"https:\/\/www.zeitlos-vertrieb.de\/sv\/uppgiftsskydd\/\" \/>\n<meta property=\"og:site_name\" content=\"ZEITLOS\" \/>\n<meta property=\"article:modified_time\" content=\"2020-10-23T08:13:33+00:00\" \/>\n<meta name=\"twitter:card\" content=\"summary_large_image\" \/>\n<meta name=\"twitter:label1\" content=\"Ber\u00e4knad l\u00e4stid\" \/>\n\t<meta name=\"twitter:data1\" content=\"13 minuter\" \/>\n<script type=\"application\/ld+json\" class=\"yoast-schema-graph\">{\"@context\":\"https:\\\/\\\/schema.org\",\"@graph\":[{\"@type\":\"WebPage\",\"@id\":\"https:\\\/\\\/www.zeitlos-vertrieb.de\\\/sv\\\/uppgiftsskydd\\\/\",\"url\":\"https:\\\/\\\/www.zeitlos-vertrieb.de\\\/sv\\\/uppgiftsskydd\\\/\",\"name\":\"ZEITLOS - Datenschutz\",\"isPartOf\":{\"@id\":\"https:\\\/\\\/www.zeitlos-vertrieb.de\\\/#website\"},\"datePublished\":\"2020-10-12T07:56:32+00:00\",\"dateModified\":\"2020-10-23T08:13:33+00:00\",\"description\":\"Zeitlos bietet als Outsourcing-Dienstleister im Logistik- und Fulfillmentbereich innovative L\u00f6sungen f\u00fcr alle Prozesse im After Sales Service.\",\"breadcrumb\":{\"@id\":\"https:\\\/\\\/www.zeitlos-vertrieb.de\\\/sv\\\/uppgiftsskydd\\\/#breadcrumb\"},\"inLanguage\":\"sv-SE\",\"potentialAction\":[{\"@type\":\"ReadAction\",\"target\":[\"https:\\\/\\\/www.zeitlos-vertrieb.de\\\/sv\\\/uppgiftsskydd\\\/\"]}]},{\"@type\":\"BreadcrumbList\",\"@id\":\"https:\\\/\\\/www.zeitlos-vertrieb.de\\\/sv\\\/uppgiftsskydd\\\/#breadcrumb\",\"itemListElement\":[{\"@type\":\"ListItem\",\"position\":1,\"name\":\"Startseite\",\"item\":\"https:\\\/\\\/www.zeitlos-vertrieb.de\\\/\"},{\"@type\":\"ListItem\",\"position\":2,\"name\":\"Uppgiftsskydd\"}]},{\"@type\":\"WebSite\",\"@id\":\"https:\\\/\\\/www.zeitlos-vertrieb.de\\\/sv\\\/#website\",\"url\":\"https:\\\/\\\/www.zeitlos-vertrieb.de\\\/sv\\\/\",\"name\":\"ZEITLOS\",\"description\":\"Design- und Vertriebs GmbH\",\"publisher\":{\"@id\":\"https:\\\/\\\/www.zeitlos-vertrieb.de\\\/sv\\\/#organization\"},\"potentialAction\":[{\"@type\":\"SearchAction\",\"target\":{\"@type\":\"EntryPoint\",\"urlTemplate\":\"https:\\\/\\\/www.zeitlos-vertrieb.de\\\/sv\\\/?s={search_term_string}\"},\"query-input\":{\"@type\":\"PropertyValueSpecification\",\"valueRequired\":true,\"valueName\":\"search_term_string\"}}],\"inLanguage\":\"sv-SE\"},{\"@type\":\"Organization\",\"@id\":\"https:\\\/\\\/www.zeitlos-vertrieb.de\\\/sv\\\/#organization\",\"name\":\"ZEITLOS Design- und Vertriebs GmbH\",\"url\":\"https:\\\/\\\/www.zeitlos-vertrieb.de\\\/sv\\\/\",\"logo\":{\"@type\":\"ImageObject\",\"inLanguage\":\"sv-SE\",\"@id\":\"https:\\\/\\\/www.zeitlos-vertrieb.de\\\/sv\\\/#\\\/schema\\\/logo\\\/image\\\/\",\"url\":\"https:\\\/\\\/www.zeitlos-vertrieb.de\\\/wp-content\\\/uploads\\\/2020\\\/10\\\/Logo2.png\",\"contentUrl\":\"https:\\\/\\\/www.zeitlos-vertrieb.de\\\/wp-content\\\/uploads\\\/2020\\\/10\\\/Logo2.png\",\"width\":551,\"height\":154,\"caption\":\"ZEITLOS Design- und Vertriebs GmbH\"},\"image\":{\"@id\":\"https:\\\/\\\/www.zeitlos-vertrieb.de\\\/sv\\\/#\\\/schema\\\/logo\\\/image\\\/\"}}]}<\/script>\n<!-- \/ Yoast SEO plugin. -->","yoast_head_json":{"title":"Uppgiftsskydd","description":"1. Dataskydd i korthet Allm\u00e4nna anm\u00e4rkningar F\u00f6ljande information ger en enkel \u00f6versikt \u00f6ver vad som h\u00e4nder med dina personuppgifter n\u00e4r du bes\u00f6ker v\u00e5r webbplats. Personuppgifter \u00e4r alla uppgifter som g\u00f6r det m\u00f6jligt att identifiera dig personligen. F\u00f6r detaljerad information om dataskydd h\u00e4nvisar vi till v\u00e5r integritetspolicy som finns under denna text. Datainsamling p\u00e5 v\u00e5r webbplats&hellip;","robots":{"index":"noindex","follow":"follow"},"og_locale":"sv_SE","og_type":"article","og_title":"Uppgiftsskydd","og_description":"1. Dataskydd i korthet Allm\u00e4nna anm\u00e4rkningar F\u00f6ljande information ger en enkel \u00f6versikt \u00f6ver vad som h\u00e4nder med dina personuppgifter n\u00e4r du bes\u00f6ker v\u00e5r webbplats. Personuppgifter \u00e4r alla uppgifter som g\u00f6r det m\u00f6jligt att identifiera dig personligen. F\u00f6r detaljerad information om dataskydd h\u00e4nvisar vi till v\u00e5r integritetspolicy som finns under denna text. Datainsamling p\u00e5 v\u00e5r webbplats&hellip;","og_url":"https:\/\/www.zeitlos-vertrieb.de\/sv\/uppgiftsskydd\/","og_site_name":"ZEITLOS","article_modified_time":"2020-10-23T08:13:33+00:00","twitter_card":"summary_large_image","twitter_misc":{"Ber\u00e4knad l\u00e4stid":"13 minuter"},"schema":{"@context":"https:\/\/schema.org","@graph":[{"@type":"WebPage","@id":"https:\/\/www.zeitlos-vertrieb.de\/sv\/uppgiftsskydd\/","url":"https:\/\/www.zeitlos-vertrieb.de\/sv\/uppgiftsskydd\/","name":"ZEITLOS - Datenschutz","isPartOf":{"@id":"https:\/\/www.zeitlos-vertrieb.de\/#website"},"datePublished":"2020-10-12T07:56:32+00:00","dateModified":"2020-10-23T08:13:33+00:00","description":"Zeitlos bietet als Outsourcing-Dienstleister im Logistik- und Fulfillmentbereich innovative L\u00f6sungen f\u00fcr alle Prozesse im After Sales Service.","breadcrumb":{"@id":"https:\/\/www.zeitlos-vertrieb.de\/sv\/uppgiftsskydd\/#breadcrumb"},"inLanguage":"sv-SE","potentialAction":[{"@type":"ReadAction","target":["https:\/\/www.zeitlos-vertrieb.de\/sv\/uppgiftsskydd\/"]}]},{"@type":"BreadcrumbList","@id":"https:\/\/www.zeitlos-vertrieb.de\/sv\/uppgiftsskydd\/#breadcrumb","itemListElement":[{"@type":"ListItem","position":1,"name":"Startseite","item":"https:\/\/www.zeitlos-vertrieb.de\/"},{"@type":"ListItem","position":2,"name":"Uppgiftsskydd"}]},{"@type":"WebSite","@id":"https:\/\/www.zeitlos-vertrieb.de\/sv\/#website","url":"https:\/\/www.zeitlos-vertrieb.de\/sv\/","name":"ZEITLOS","description":"Design- und Vertriebs GmbH","publisher":{"@id":"https:\/\/www.zeitlos-vertrieb.de\/sv\/#organization"},"potentialAction":[{"@type":"SearchAction","target":{"@type":"EntryPoint","urlTemplate":"https:\/\/www.zeitlos-vertrieb.de\/sv\/?s={search_term_string}"},"query-input":{"@type":"PropertyValueSpecification","valueRequired":true,"valueName":"search_term_string"}}],"inLanguage":"sv-SE"},{"@type":"Organization","@id":"https:\/\/www.zeitlos-vertrieb.de\/sv\/#organization","name":"ZEITLOS Design- und Vertriebs GmbH","url":"https:\/\/www.zeitlos-vertrieb.de\/sv\/","logo":{"@type":"ImageObject","inLanguage":"sv-SE","@id":"https:\/\/www.zeitlos-vertrieb.de\/sv\/#\/schema\/logo\/image\/","url":"https:\/\/www.zeitlos-vertrieb.de\/wp-content\/uploads\/2020\/10\/Logo2.png","contentUrl":"https:\/\/www.zeitlos-vertrieb.de\/wp-content\/uploads\/2020\/10\/Logo2.png","width":551,"height":154,"caption":"ZEITLOS Design- und Vertriebs GmbH"},"image":{"@id":"https:\/\/www.zeitlos-vertrieb.de\/sv\/#\/schema\/logo\/image\/"}}]}},"_links":{"self":[{"href":"https:\/\/www.zeitlos-vertrieb.de\/sv\/wp-json\/wp\/v2\/pages\/110","targetHints":{"allow":["GET"]}}],"collection":[{"href":"https:\/\/www.zeitlos-vertrieb.de\/sv\/wp-json\/wp\/v2\/pages"}],"about":[{"href":"https:\/\/www.zeitlos-vertrieb.de\/sv\/wp-json\/wp\/v2\/types\/page"}],"author":[{"embeddable":true,"href":"https:\/\/www.zeitlos-vertrieb.de\/sv\/wp-json\/wp\/v2\/users\/1"}],"replies":[{"embeddable":true,"href":"https:\/\/www.zeitlos-vertrieb.de\/sv\/wp-json\/wp\/v2\/comments?post=110"}],"version-history":[{"count":2,"href":"https:\/\/www.zeitlos-vertrieb.de\/sv\/wp-json\/wp\/v2\/pages\/110\/revisions"}],"predecessor-version":[{"id":180,"href":"https:\/\/www.zeitlos-vertrieb.de\/sv\/wp-json\/wp\/v2\/pages\/110\/revisions\/180"}],"wp:attachment":[{"href":"https:\/\/www.zeitlos-vertrieb.de\/sv\/wp-json\/wp\/v2\/media?parent=110"}],"curies":[{"name":"wp","href":"https:\/\/api.w.org\/{rel}","templated":true}]}}